{"id":1882,"date":"2024-01-19T22:53:11","date_gmt":"2024-01-19T21:53:11","guid":{"rendered":"https:\/\/www.academiedujazz.com\/?post_type=palmares&#038;p=1882"},"modified":"2024-01-19T22:54:33","modified_gmt":"2024-01-19T21:54:33","slug":"palmares-1976","status":"publish","type":"palmares","link":"https:\/\/www.academiedujazz.com\/index.php\/palmares\/palmares-1976\/","title":{"rendered":"Palmar\u00e8s 1976"},"content":{"rendered":"\t\t<div data-elementor-type=\"wp-post\" data-elementor-id=\"1882\" class=\"elementor elementor-1882\" data-elementor-post-type=\"palmares\">\n\t\t\t\t\t\t\t<div class=\"elementor-element elementor-element-b66b883 e-flex e-con-boxed e-con e-parent\" data-id=\"b66b883\" data-element_type=\"container\" data-settings=\"{&quot;background_background&quot;:&quot;classic&quot;,&quot;container_type&quot;:&quot;flex&quot;,&quot;content_width&quot;:&quot;boxed&quot;}\" data-core-v316-plus=\"true\">\n\t\t\t\t\t<div class=\"e-con-inner\">\n\t\t\t\t<div class=\"elementor-element elementor-element-ebcebc4 elementor-widget__width-initial b-primary elementor-widget elementor-widget-text-editor\" data-id=\"ebcebc4\" data-element_type=\"widget\" data-widget_type=\"text-editor.default\">\n\t\t\t\t<div class=\"elementor-widget-container\">\n\t\t\t<style>\/*! elementor - v3.18.0 - 20-12-2023 *\/\n.elementor-widget-text-editor.elementor-drop-cap-view-stacked .elementor-drop-cap{background-color:#69727d;color:#fff}.elementor-widget-text-editor.elementor-drop-cap-view-framed .elementor-drop-cap{color:#69727d;border:3px solid;background-color:transparent}.elementor-widget-text-editor:not(.elementor-drop-cap-view-default) .elementor-drop-cap{margin-top:8px}.elementor-widget-text-editor:not(.elementor-drop-cap-view-default) .elementor-drop-cap-letter{width:1em;height:1em}.elementor-widget-text-editor .elementor-drop-cap{float:left;text-align:center;line-height:1;font-size:50px}.elementor-widget-text-editor .elementor-drop-cap-letter{display:inline-block}<\/style>\t\t\t\t<p><strong>Sous la pr\u00e9sidence d\u2019Honneur de Georges Auric et de St\u00e9phane Grappelli, et en pr\u00e9sence de ses Vice-Pr\u00e9sidents d\u2019Honneur, Henri Sauguet, Michel de Bry, Charles Delaunay, Andr\u00e9 Hodeir et des membres d\u2019Honneur, le jury de l\u2019Acad\u00e9mie du Jazz, r\u00e9uni le 7 d\u00e9cembre 1976 au \u2018<i>River Bop<\/i>\u2019, 65 rue Saint-Andr\u00e9 des Arts (4\u00e8me), a d\u00e9cern\u00e9\u00a0:<\/strong><\/p><p><strong>Le Prix Django Reinhardt<\/strong>\u00a0(musicien fran\u00e7ais de l\u2019ann\u00e9e)\u00a0: \u00e0\u00a0<strong>Henri Texier<\/strong>, contrebassiste.<\/p><p><strong>Le prix Sidney Bechet<\/strong>\u00a0au\u00a0<strong>High Society Jazz Band<\/strong>, dirig\u00e9 par\u00a0<strong>Pierre Atlan<\/strong>, avec\u00a0<strong>mention \u2018In Honorem\u2019<\/strong>\u00a0\u00e0\u00a0<strong>Pierre Merlin<\/strong>, (pour son travail de recherches, de documentation et de graphisme, notamment sur la Nouvelle Orl\u00e9ans).<\/p><p><strong>Le Prix \u2018In Honorem\u2019<\/strong>\u00a0\u00e0\u00a0<strong>Martial Solal<\/strong>, avec mention pour \u2018<i>Martial Solal Plays Duke Ellington<\/i>\u2019, (Musica Records MUS 3005).<\/p><p><strong>Le Grand Prix du meilleur disque de Jazz Classique<\/strong>\u00a0au double album \u2018<i>The Artistry of Tatum<\/i>\u2019 d\u2019<strong>Art Tatum<\/strong>, (Vogue D.P. 31).).<\/p><p><strong>Le Grand Prix du meilleur disque de Jazz Ancien<\/strong>\u00a0aux cinq volumes de l\u2019Int\u00e9grale consacr\u00e9e \u00e0\u00a0<strong>Henry \u2018Red\u2019 Allen<\/strong>\u00a0par RCA (S\u00e9rie Black &amp; White, FXM1-7060\/7090\/7192\/7285\/7326).<\/p><p><strong>Le Grand Prix du meilleur disque de Jazz Contemporain<\/strong>\u00a0:\u00a0<strong>Ex-Aequo<\/strong>\u00a0\u00e0\u00a0<strong>Gil Evans<\/strong>, pour l\u2019album \u2018<i>There Comes A Time<\/i>\u2019, (RCA Masters APL1-1057) et \u00e0\u00a0<strong>Paul bley \u2013 Jimmy Giuffre<\/strong>, pour l\u2019album \u2018<i>Quiet Song<\/i>\u2019, (Improvising Artists IAI 373.839\/Soul Posters).<\/p><p><strong>Le Prix Boris Vian<\/strong>\u00a0(meilleur enregistrement Fran\u00e7ais)\u00a0: \u00e0\u00a0<strong>Fran\u00e7ois Jeanneau<\/strong>, pour l\u2019album \u2018<i>Techniques Douces<\/i>\u2019 (OWL 04\/Soul Posters).<\/p><p><strong>Le Prix Fats Waller<\/strong>\u00a0(de la meilleure r\u00e9\u00e9dition de jazz)\u00a0: au coffret MCA Int\u00e9grale de\u00a0<strong>Louis Armstong<\/strong>\u00a0: \u2018<i>Complete Recorded Works 1935-1945<\/i>\u2019 (MCA 510.151 \u00e0 510.160\/Barclay).<\/p><p><strong>Le Prix Mahalia Jackson<\/strong>, (meilleur disque de Gospel), \u00e0 l\u2019album \u2018<i>Soul Sisters<\/i>\u2019 de\u00a0<strong>Sister Rosetta Tharpe\/Marie Knight<\/strong>, (MCA 510.148\/Barclay).<\/p><p><strong>Le Prix Billie Holiday<\/strong>, (meilleure nouveaut\u00e9 vocale), \u00e0\u00a0<strong>Billie Holiday<\/strong>, pour l\u2019album \u2018<i>Strange Fruit<\/i>\u2019, (The Commodore Series \u2013 Ace of Hearts \u2013 DECCA 180.008).<\/p><p><strong>Le prix Big Bill Broonzy<\/strong>\u00a0du meilleur disque de blues traditionnel \u00e0\u00a0<strong>Bobby King<\/strong>, (M.C.M.\u00a0900.292\/Sofrason), avec une\u00a0<strong>Mention Sp\u00e9ciale \u00e0 la collection M.C.M.<\/strong><\/p><p><strong>Le prix Otis Redding<\/strong>\u00a0du meilleur disque de Rhythm &amp; Blues \u00e0\u00a0<strong>Johnny \u2018Guitar\u2019 Watson<\/strong>\u00a0pour l\u2019album \u2018<i>Ain\u2019t That A Bitch<\/i>\u2019, (D.J.M.\u00a0D.J.F. 20.485 \/ C.B.S.).<\/p><p><strong>Le prix Sonny Boy Williamson<\/strong>\u00a0(meilleure r\u00e9\u00e9dition d\u2019enregistrements de Blues)\u00a0: \u00e0 la\u00a0<strong><i>s\u00e9rie Blue Bird<\/i><\/strong>, publi\u00e9e par\u00a0<strong>RCA<\/strong>.<\/p>\t\t\t\t\t\t<\/div>\n\t\t\t\t<\/div>\n\t\t\t\t\t<\/div>\n\t\t\t\t<\/div>\n\t\t\t\t\t\t\t<\/div>\n\t\t","protected":false},"featured_media":0,"template":"elementor_header_footer","class_list":["post-1882","palmares","type-palmares","status-publish","hentry"],"yoast_head":"<!-- This site is optimized with the Yoast SEO plugin v21.9.1 - https:\/\/yoast.com\/wordpress\/plugins\/seo\/ -->\n<title>Palmar\u00e8s 1976 - Acad\u00e9mie du Jazz<\/title>\n<meta name=\"robots\" content=\"index, follow, max-snippet:-1, max-image-preview:large, max-video-preview:-1\" \/>\n<link rel=\"canonical\" href=\"https:\/\/www.academiedujazz.com\/index.php\/palmares\/palmares-1976\/\" \/>\n<meta property=\"og:locale\" content=\"fr_FR\" \/>\n<meta property=\"og:type\" content=\"article\" \/>\n<meta property=\"og:title\" content=\"Palmar\u00e8s 1976 - Acad\u00e9mie du Jazz\" \/>\n<meta property=\"og:description\" content=\"Sous la pr\u00e9sidence d\u2019Honneur de Georges Auric et de St\u00e9phane Grappelli, et en pr\u00e9sence de ses Vice-Pr\u00e9sidents d\u2019Honneur, Henri Sauguet, Michel de Bry, Charles Delaunay, Andr\u00e9 Hodeir et des membres d\u2019Honneur, le jury de l\u2019Acad\u00e9mie du Jazz, r\u00e9uni le 7 d\u00e9cembre 1976 au \u2018River Bop\u2019, 65 rue Saint-Andr\u00e9 des Arts (4\u00e8me), a d\u00e9cern\u00e9\u00a0: Le Prix [&hellip;]\" \/>\n<meta property=\"og:url\" content=\"https:\/\/www.academiedujazz.com\/index.php\/palmares\/palmares-1976\/\" \/>\n<meta property=\"og:site_name\" content=\"Acad\u00e9mie du Jazz\" \/>\n<meta property=\"article:modified_time\" content=\"2024-01-19T21:54:33+00:00\" \/>\n<meta name=\"twitter:card\" content=\"summary_large_image\" \/>\n<meta name=\"twitter:label1\" content=\"Dur\u00e9e de lecture estim\u00e9e\" \/>\n\t<meta name=\"twitter:data1\" content=\"2 minutes\" \/>\n<script type=\"application\/ld+json\" class=\"yoast-schema-graph\">{\"@context\":\"https:\/\/schema.org\",\"@graph\":[{\"@type\":\"WebPage\",\"@id\":\"https:\/\/www.academiedujazz.com\/index.php\/palmares\/palmares-1976\/\",\"url\":\"https:\/\/www.academiedujazz.com\/index.php\/palmares\/palmares-1976\/\",\"name\":\"Palmar\u00e8s 1976 - Acad\u00e9mie du Jazz\",\"isPartOf\":{\"@id\":\"https:\/\/www.academiedujazz.com\/#website\"},\"datePublished\":\"2024-01-19T21:53:11+00:00\",\"dateModified\":\"2024-01-19T21:54:33+00:00\",\"breadcrumb\":{\"@id\":\"https:\/\/www.academiedujazz.com\/index.php\/palmares\/palmares-1976\/#breadcrumb\"},\"inLanguage\":\"fr-FR\",\"potentialAction\":[{\"@type\":\"ReadAction\",\"target\":[\"https:\/\/www.academiedujazz.com\/index.php\/palmares\/palmares-1976\/\"]}]},{\"@type\":\"BreadcrumbList\",\"@id\":\"https:\/\/www.academiedujazz.com\/index.php\/palmares\/palmares-1976\/#breadcrumb\",\"itemListElement\":[{\"@type\":\"ListItem\",\"position\":1,\"name\":\"Accueil\",\"item\":\"https:\/\/www.academiedujazz.com\/\"},{\"@type\":\"ListItem\",\"position\":2,\"name\":\"Palmar\u00e8s 1976\"}]},{\"@type\":\"WebSite\",\"@id\":\"https:\/\/www.academiedujazz.com\/#website\",\"url\":\"https:\/\/www.academiedujazz.com\/\",\"name\":\"Acad\u00e9mie du Jazz\",\"description\":\"\",\"publisher\":{\"@id\":\"https:\/\/www.academiedujazz.com\/#organization\"},\"potentialAction\":[{\"@type\":\"SearchAction\",\"target\":{\"@type\":\"EntryPoint\",\"urlTemplate\":\"https:\/\/www.academiedujazz.com\/?s={search_term_string}\"},\"query-input\":\"required name=search_term_string\"}],\"inLanguage\":\"fr-FR\"},{\"@type\":\"Organization\",\"@id\":\"https:\/\/www.academiedujazz.com\/#organization\",\"name\":\"Acad\u00e9mie du Jazz\",\"url\":\"https:\/\/www.academiedujazz.com\/\",\"logo\":{\"@type\":\"ImageObject\",\"inLanguage\":\"fr-FR\",\"@id\":\"https:\/\/www.academiedujazz.com\/#\/schema\/logo\/image\/\",\"url\":\"https:\/\/www.academiedujazz.com\/wp-content\/uploads\/2023\/11\/Logo-web_Academie-Du-Jazz_Fond-sombre.png\",\"contentUrl\":\"https:\/\/www.academiedujazz.com\/wp-content\/uploads\/2023\/11\/Logo-web_Academie-Du-Jazz_Fond-sombre.png\",\"width\":949,\"height\":800,\"caption\":\"Acad\u00e9mie du Jazz\"},\"image\":{\"@id\":\"https:\/\/www.academiedujazz.com\/#\/schema\/logo\/image\/\"}}]}<\/script>\n<!-- \/ Yoast SEO plugin. -->","yoast_head_json":{"title":"Palmar\u00e8s 1976 - Acad\u00e9mie du Jazz","robots":{"index":"index","follow":"follow","max-snippet":"max-snippet:-1","max-image-preview":"max-image-preview:large","max-video-preview":"max-video-preview:-1"},"canonical":"https:\/\/www.academiedujazz.com\/index.php\/palmares\/palmares-1976\/","og_locale":"fr_FR","og_type":"article","og_title":"Palmar\u00e8s 1976 - Acad\u00e9mie du Jazz","og_description":"Sous la pr\u00e9sidence d\u2019Honneur de Georges Auric et de St\u00e9phane Grappelli, et en pr\u00e9sence de ses Vice-Pr\u00e9sidents d\u2019Honneur, Henri Sauguet, Michel de Bry, Charles Delaunay, Andr\u00e9 Hodeir et des membres d\u2019Honneur, le jury de l\u2019Acad\u00e9mie du Jazz, r\u00e9uni le 7 d\u00e9cembre 1976 au \u2018River Bop\u2019, 65 rue Saint-Andr\u00e9 des Arts (4\u00e8me), a d\u00e9cern\u00e9\u00a0: Le Prix [&hellip;]","og_url":"https:\/\/www.academiedujazz.com\/index.php\/palmares\/palmares-1976\/","og_site_name":"Acad\u00e9mie du Jazz","article_modified_time":"2024-01-19T21:54:33+00:00","twitter_card":"summary_large_image","twitter_misc":{"Dur\u00e9e de lecture estim\u00e9e":"2 minutes"},"schema":{"@context":"https:\/\/schema.org","@graph":[{"@type":"WebPage","@id":"https:\/\/www.academiedujazz.com\/index.php\/palmares\/palmares-1976\/","url":"https:\/\/www.academiedujazz.com\/index.php\/palmares\/palmares-1976\/","name":"Palmar\u00e8s 1976 - Acad\u00e9mie du Jazz","isPartOf":{"@id":"https:\/\/www.academiedujazz.com\/#website"},"datePublished":"2024-01-19T21:53:11+00:00","dateModified":"2024-01-19T21:54:33+00:00","breadcrumb":{"@id":"https:\/\/www.academiedujazz.com\/index.php\/palmares\/palmares-1976\/#breadcrumb"},"inLanguage":"fr-FR","potentialAction":[{"@type":"ReadAction","target":["https:\/\/www.academiedujazz.com\/index.php\/palmares\/palmares-1976\/"]}]},{"@type":"BreadcrumbList","@id":"https:\/\/www.academiedujazz.com\/index.php\/palmares\/palmares-1976\/#breadcrumb","itemListElement":[{"@type":"ListItem","position":1,"name":"Accueil","item":"https:\/\/www.academiedujazz.com\/"},{"@type":"ListItem","position":2,"name":"Palmar\u00e8s 1976"}]},{"@type":"WebSite","@id":"https:\/\/www.academiedujazz.com\/#website","url":"https:\/\/www.academiedujazz.com\/","name":"Acad\u00e9mie du Jazz","description":"","publisher":{"@id":"https:\/\/www.academiedujazz.com\/#organization"},"potentialAction":[{"@type":"SearchAction","target":{"@type":"EntryPoint","urlTemplate":"https:\/\/www.academiedujazz.com\/?s={search_term_string}"},"query-input":"required name=search_term_string"}],"inLanguage":"fr-FR"},{"@type":"Organization","@id":"https:\/\/www.academiedujazz.com\/#organization","name":"Acad\u00e9mie du Jazz","url":"https:\/\/www.academiedujazz.com\/","logo":{"@type":"ImageObject","inLanguage":"fr-FR","@id":"https:\/\/www.academiedujazz.com\/#\/schema\/logo\/image\/","url":"https:\/\/www.academiedujazz.com\/wp-content\/uploads\/2023\/11\/Logo-web_Academie-Du-Jazz_Fond-sombre.png","contentUrl":"https:\/\/www.academiedujazz.com\/wp-content\/uploads\/2023\/11\/Logo-web_Academie-Du-Jazz_Fond-sombre.png","width":949,"height":800,"caption":"Acad\u00e9mie du Jazz"},"image":{"@id":"https:\/\/www.academiedujazz.com\/#\/schema\/logo\/image\/"}}]}},"_links":{"self":[{"href":"https:\/\/www.academiedujazz.com\/index.php\/wp-json\/wp\/v2\/palmares\/1882","targetHints":{"allow":["GET"]}}],"collection":[{"href":"https:\/\/www.academiedujazz.com\/index.php\/wp-json\/wp\/v2\/palmares"}],"about":[{"href":"https:\/\/www.academiedujazz.com\/index.php\/wp-json\/wp\/v2\/types\/palmares"}],"version-history":[{"count":4,"href":"https:\/\/www.academiedujazz.com\/index.php\/wp-json\/wp\/v2\/palmares\/1882\/revisions"}],"predecessor-version":[{"id":1890,"href":"https:\/\/www.academiedujazz.com\/index.php\/wp-json\/wp\/v2\/palmares\/1882\/revisions\/1890"}],"wp:attachment":[{"href":"https:\/\/www.academiedujazz.com\/index.php\/wp-json\/wp\/v2\/media?parent=1882"}],"curies":[{"name":"wp","href":"https:\/\/api.w.org\/{rel}","templated":true}]}}