{"id":1841,"date":"2024-01-19T22:40:26","date_gmt":"2024-01-19T21:40:26","guid":{"rendered":"https:\/\/www.academiedujazz.com\/?post_type=palmares&#038;p=1841"},"modified":"2024-01-19T22:45:07","modified_gmt":"2024-01-19T21:45:07","slug":"palmares-1983","status":"publish","type":"palmares","link":"https:\/\/www.academiedujazz.com\/index.php\/palmares\/palmares-1983\/","title":{"rendered":"Palmar\u00e8s 1983"},"content":{"rendered":"\t\t<div data-elementor-type=\"wp-post\" data-elementor-id=\"1841\" class=\"elementor elementor-1841\" data-elementor-post-type=\"palmares\">\n\t\t\t\t\t\t\t<div class=\"elementor-element elementor-element-b66b883 e-flex e-con-boxed e-con e-parent\" data-id=\"b66b883\" data-element_type=\"container\" data-settings=\"{&quot;background_background&quot;:&quot;classic&quot;,&quot;container_type&quot;:&quot;flex&quot;,&quot;content_width&quot;:&quot;boxed&quot;}\" data-core-v316-plus=\"true\">\n\t\t\t\t\t<div class=\"e-con-inner\">\n\t\t\t\t<div class=\"elementor-element elementor-element-ebcebc4 elementor-widget__width-initial b-primary elementor-widget elementor-widget-text-editor\" data-id=\"ebcebc4\" data-element_type=\"widget\" data-widget_type=\"text-editor.default\">\n\t\t\t\t<div class=\"elementor-widget-container\">\n\t\t\t<style>\/*! elementor - v3.18.0 - 20-12-2023 *\/\n.elementor-widget-text-editor.elementor-drop-cap-view-stacked .elementor-drop-cap{background-color:#69727d;color:#fff}.elementor-widget-text-editor.elementor-drop-cap-view-framed .elementor-drop-cap{color:#69727d;border:3px solid;background-color:transparent}.elementor-widget-text-editor:not(.elementor-drop-cap-view-default) .elementor-drop-cap{margin-top:8px}.elementor-widget-text-editor:not(.elementor-drop-cap-view-default) .elementor-drop-cap-letter{width:1em;height:1em}.elementor-widget-text-editor .elementor-drop-cap{float:left;text-align:center;line-height:1;font-size:50px}.elementor-widget-text-editor .elementor-drop-cap-letter{display:inline-block}<\/style>\t\t\t\t<p><strong>Georges Auric 15\/02\/1899 \u2013 23\/07\/1983<br class=\"autobr\" \/>R.I.P.<\/strong><\/p><p><strong>Sous la pr\u00e9sidence d\u2019Honneur de Henri Sauguet et de St\u00e9phane Grappelli, et en pr\u00e9sence de ses Vice-Pr\u00e9sidents d\u2019Honneur, Michel de Bry, Charles Delaunay, Andr\u00e9 Hodeir, du Pr\u00e9sident MAurice Cullaz et des membres d\u2019Honneur, le jury de l\u2019Acad\u00e9mie du Jazz, r\u00e9uni le 4 d\u00e9cembre 1983 au \u2018New Morning\u2019, 7-9 rue des Petites-Ecuries (10\u00e8me), a d\u00e9cern\u00e9\u00a0:<\/strong><\/p><p><strong>Le Prix Django Reinhardt<\/strong>\u00a0(musicien fran\u00e7ais de l\u2019ann\u00e9e)\u00a0: \u00e0\u00a0<strong>Marc Bertaux<\/strong>, contrebassiste.<\/p><p><strong>Le prix Sidney Bechet<\/strong>\u00a0(musicien Fran\u00e7ais de l\u2019ann\u00e9e jouant dans le style traditionnel) \u00e0\u00a0<strong>Nicolas Montier<\/strong>, saxophoniste.<\/p><p><strong>Le prix Sidney Bechet \u2018In Honorem\u2019<\/strong>\u00a0: \u00e0\u00a0<strong>Marc Laferriere<\/strong>, saxophoniste et chef d\u2019orchestre.<\/p><p><strong>L\u2019Oscar 1983<\/strong>\u00a0: \u00e0 l\u2019album \u2018The Paris Concert\u2019 de\u00a0<strong>Bill Evans<\/strong>\u00a0(Musician 960164-1).<\/p><p><strong>Le Prix \u2018In Memoriam\u2019<\/strong>\u00a0:\u00a0<strong>Ex-Aequo<\/strong>\u00a0\u00e0\u00a0<strong>Willie \u2018The Lion\u2019 Smith<\/strong>, pour l\u2019album Commodore Classics 625491 A.G. (Path\u00e9-Marconi), et \u00e0\u00a0<strong>Art Tatum<\/strong>, collection \u2018The Jazz Club\u2019 (Music for pleasure 2M056-80800) avec\u00a0<strong>mention sp\u00e9ciale<\/strong>\u00a0pour la\u00a0<strong>collection \u2018Jazz Club\u2019<\/strong>\u00a0Edit\u00e9e par Music For Pleasure.<\/p><p><strong>Le Prix Special<\/strong>\u00a0\u00e0 la\u00a0<strong>collection \u2018Le Jazz En France\u2019<\/strong>, \u00e9dit\u00e9e par Path\u00e9-Marconi sous la direction de\u00a0<strong>Daniel Nevers<\/strong>\u00a0(r\u00e9f. globale P.M.231.\u00a0; r\u00e9f. individuelles 1727251-61 -71-81-91-301-311-321).<\/p><p><strong>Le Prix Bill Coleman<\/strong>\u00a0(du meilleur disque de Jazz Classique) \u00e0 l\u2019album \u2018Django Au Club Saint-Germain\u2019 de\u00a0<strong>Django Reinhardt<\/strong>, (Vogue 502.008).<\/p><p><strong>Le Grand Prix du meilleur disque de Jazz Moderne<\/strong>\u00a0\u00e0\u00a0<strong>Paul Gonsalves<\/strong>\u00a0pour l\u2019album \u2018Gettin\u2019 Together\u2019 (JazzLand J.L.P.9365\/Carrere).<\/p><p><strong>Le Prix du meilleur disque de jazz contemporain<\/strong>\u00a0\u00e0\u00a0<strong>Rickie Lee Jones<\/strong>, pour l\u2019album \u2018Girl On Her Volcano\u2019 (Warner Brothers 923.805\/WEA Filipacchi).<\/p><p><strong>Le Prix West Coast\u00a0<\/strong>au coffret \u2018<strong>West Coast<\/strong>\u2019 \u00e9labor\u00e9 par\u00a0<strong>Alain Tercinet<\/strong>\u00a0(R.C.A. P.M.\u00a045694).<\/p><p><strong>Le Prix Boris Vian<\/strong>\u00a0(meilleur enregistrement Fran\u00e7ais) \u00e0 l\u2019album \u2018Six Songs\u2019, d\u2019<strong>Olivier Hutman<\/strong>\u00a0(JMS 030\/ADES).<\/p><p><strong>Le Prix Fats Waller<\/strong>\u00a0(de la meilleure r\u00e9\u00e9dition de jazz)\u00a0:\u00a0<strong>Ex-Aequo<\/strong>\u00a0\u00e0\u00a0<strong>Duke Ellington<\/strong>, pour le coffret de six albums \u2018The Complete Duke Ellington \u2013 1947\/1952\u2019 (C.B.S. 66607), et \u00e0\u00a0<strong>Tal Farlow<\/strong>, pour l\u2019album \u2018Autumn In New York\u2019 (Polydor2304-321).<\/p><p><strong>Le Prix Mahalia Jackson<\/strong>, (meilleur disque de Gospel), au double album IBAC 60.629\/630 du\u00a0<strong>Golden Gate Quartet<\/strong>\u00a0( AZ).<\/p><p><strong>Le Prix Billie Holiday<\/strong>, (meilleure nouveaut\u00e9 vocale), \u00e0\u00a0<strong>Jon Hendricks And Company<\/strong>, pour l\u2019album \u2018Black And Blue\u2019 (Muse M.R. 5258\/WEA Filipacchi).<\/p><p><strong>Le Prix Billie Holiday r\u00e9\u00e9dition<\/strong>\u00a0: \u00e0 l\u2019album \u2018<strong>Joe Williams At Newport 63<\/strong>\u2019, (R.C.A. N.L. 70119).<\/p><p><strong>Le prix Big Bill Broonzy<\/strong>\u00a0du meilleur disque de blues traditionnel \u00e0 l\u2019album \u2018The Blues Is Alright\u2019, de\u00a0<strong>Little Milton<\/strong>, (Isabel 900.515\/ WEA Filipacchi).<\/p><p><strong>Le prix Otis Redding<\/strong>\u00a0du meilleur disque de Rhythm &amp; Blues \u00e0\u00a0<strong>Junior Walker<\/strong>\u00a0pour l\u2019album \u2018Blow The House Down\u2019 (Motown\/Vogue).<\/p><p><strong>Le prix Otis Redding de la meilleure r\u00e9\u00e9dition de Rhythm &amp; Blues<\/strong>\u00a0: \u00e0 la s\u00e9rie des huit albums King de\u00a0<strong>James Brown<\/strong>, de 1962 \u00e0 1967, sous pochettes originales, avec un Maxi 45 tours, sous la direction de\u00a0<strong>Bruno Gerentes<\/strong>\u00a0(Polydor).<\/p><p><strong>Le prix Sonny Boy Williamson<\/strong>\u00a0(meilleure r\u00e9\u00e9dition d\u2019enregistrements de Blues)\u00a0: \u00e0\u00a0<strong>T-Bone Walker<\/strong>\u00a0(Imperial 154.675-1 et 154.676-1\/Path\u00e9-Marconi).<\/p>\t\t\t\t\t\t<\/div>\n\t\t\t\t<\/div>\n\t\t\t\t\t<\/div>\n\t\t\t\t<\/div>\n\t\t\t\t\t\t\t<\/div>\n\t\t","protected":false},"featured_media":0,"template":"elementor_header_footer","class_list":["post-1841","palmares","type-palmares","status-publish","hentry"],"yoast_head":"<!-- This site is optimized with the Yoast SEO plugin v21.9.1 - https:\/\/yoast.com\/wordpress\/plugins\/seo\/ -->\n<title>Palmar\u00e8s 1983 - Acad\u00e9mie du Jazz<\/title>\n<meta name=\"robots\" content=\"index, follow, max-snippet:-1, max-image-preview:large, max-video-preview:-1\" \/>\n<link rel=\"canonical\" href=\"https:\/\/www.academiedujazz.com\/index.php\/palmares\/palmares-1983\/\" \/>\n<meta property=\"og:locale\" content=\"fr_FR\" \/>\n<meta property=\"og:type\" content=\"article\" \/>\n<meta property=\"og:title\" content=\"Palmar\u00e8s 1983 - Acad\u00e9mie du Jazz\" \/>\n<meta property=\"og:description\" content=\"Georges Auric 15\/02\/1899 \u2013 23\/07\/1983R.I.P. Sous la pr\u00e9sidence d\u2019Honneur de Henri Sauguet et de St\u00e9phane Grappelli, et en pr\u00e9sence de ses Vice-Pr\u00e9sidents d\u2019Honneur, Michel de Bry, Charles Delaunay, Andr\u00e9 Hodeir, du Pr\u00e9sident MAurice Cullaz et des membres d\u2019Honneur, le jury de l\u2019Acad\u00e9mie du Jazz, r\u00e9uni le 4 d\u00e9cembre 1983 au \u2018New Morning\u2019, 7-9 rue des [&hellip;]\" \/>\n<meta property=\"og:url\" content=\"https:\/\/www.academiedujazz.com\/index.php\/palmares\/palmares-1983\/\" \/>\n<meta property=\"og:site_name\" content=\"Acad\u00e9mie du Jazz\" \/>\n<meta property=\"article:modified_time\" content=\"2024-01-19T21:45:07+00:00\" \/>\n<meta name=\"twitter:card\" content=\"summary_large_image\" \/>\n<meta name=\"twitter:label1\" content=\"Dur\u00e9e de lecture estim\u00e9e\" \/>\n\t<meta name=\"twitter:data1\" content=\"3 minutes\" \/>\n<script type=\"application\/ld+json\" class=\"yoast-schema-graph\">{\"@context\":\"https:\/\/schema.org\",\"@graph\":[{\"@type\":\"WebPage\",\"@id\":\"https:\/\/www.academiedujazz.com\/index.php\/palmares\/palmares-1983\/\",\"url\":\"https:\/\/www.academiedujazz.com\/index.php\/palmares\/palmares-1983\/\",\"name\":\"Palmar\u00e8s 1983 - Acad\u00e9mie du Jazz\",\"isPartOf\":{\"@id\":\"https:\/\/www.academiedujazz.com\/#website\"},\"datePublished\":\"2024-01-19T21:40:26+00:00\",\"dateModified\":\"2024-01-19T21:45:07+00:00\",\"breadcrumb\":{\"@id\":\"https:\/\/www.academiedujazz.com\/index.php\/palmares\/palmares-1983\/#breadcrumb\"},\"inLanguage\":\"fr-FR\",\"potentialAction\":[{\"@type\":\"ReadAction\",\"target\":[\"https:\/\/www.academiedujazz.com\/index.php\/palmares\/palmares-1983\/\"]}]},{\"@type\":\"BreadcrumbList\",\"@id\":\"https:\/\/www.academiedujazz.com\/index.php\/palmares\/palmares-1983\/#breadcrumb\",\"itemListElement\":[{\"@type\":\"ListItem\",\"position\":1,\"name\":\"Accueil\",\"item\":\"https:\/\/www.academiedujazz.com\/\"},{\"@type\":\"ListItem\",\"position\":2,\"name\":\"Palmar\u00e8s 1983\"}]},{\"@type\":\"WebSite\",\"@id\":\"https:\/\/www.academiedujazz.com\/#website\",\"url\":\"https:\/\/www.academiedujazz.com\/\",\"name\":\"Acad\u00e9mie du Jazz\",\"description\":\"\",\"publisher\":{\"@id\":\"https:\/\/www.academiedujazz.com\/#organization\"},\"potentialAction\":[{\"@type\":\"SearchAction\",\"target\":{\"@type\":\"EntryPoint\",\"urlTemplate\":\"https:\/\/www.academiedujazz.com\/?s={search_term_string}\"},\"query-input\":\"required name=search_term_string\"}],\"inLanguage\":\"fr-FR\"},{\"@type\":\"Organization\",\"@id\":\"https:\/\/www.academiedujazz.com\/#organization\",\"name\":\"Acad\u00e9mie du Jazz\",\"url\":\"https:\/\/www.academiedujazz.com\/\",\"logo\":{\"@type\":\"ImageObject\",\"inLanguage\":\"fr-FR\",\"@id\":\"https:\/\/www.academiedujazz.com\/#\/schema\/logo\/image\/\",\"url\":\"https:\/\/www.academiedujazz.com\/wp-content\/uploads\/2023\/11\/Logo-web_Academie-Du-Jazz_Fond-sombre.png\",\"contentUrl\":\"https:\/\/www.academiedujazz.com\/wp-content\/uploads\/2023\/11\/Logo-web_Academie-Du-Jazz_Fond-sombre.png\",\"width\":949,\"height\":800,\"caption\":\"Acad\u00e9mie du Jazz\"},\"image\":{\"@id\":\"https:\/\/www.academiedujazz.com\/#\/schema\/logo\/image\/\"}}]}<\/script>\n<!-- \/ Yoast SEO plugin. -->","yoast_head_json":{"title":"Palmar\u00e8s 1983 - Acad\u00e9mie du Jazz","robots":{"index":"index","follow":"follow","max-snippet":"max-snippet:-1","max-image-preview":"max-image-preview:large","max-video-preview":"max-video-preview:-1"},"canonical":"https:\/\/www.academiedujazz.com\/index.php\/palmares\/palmares-1983\/","og_locale":"fr_FR","og_type":"article","og_title":"Palmar\u00e8s 1983 - Acad\u00e9mie du Jazz","og_description":"Georges Auric 15\/02\/1899 \u2013 23\/07\/1983R.I.P. Sous la pr\u00e9sidence d\u2019Honneur de Henri Sauguet et de St\u00e9phane Grappelli, et en pr\u00e9sence de ses Vice-Pr\u00e9sidents d\u2019Honneur, Michel de Bry, Charles Delaunay, Andr\u00e9 Hodeir, du Pr\u00e9sident MAurice Cullaz et des membres d\u2019Honneur, le jury de l\u2019Acad\u00e9mie du Jazz, r\u00e9uni le 4 d\u00e9cembre 1983 au \u2018New Morning\u2019, 7-9 rue des [&hellip;]","og_url":"https:\/\/www.academiedujazz.com\/index.php\/palmares\/palmares-1983\/","og_site_name":"Acad\u00e9mie du Jazz","article_modified_time":"2024-01-19T21:45:07+00:00","twitter_card":"summary_large_image","twitter_misc":{"Dur\u00e9e de lecture estim\u00e9e":"3 minutes"},"schema":{"@context":"https:\/\/schema.org","@graph":[{"@type":"WebPage","@id":"https:\/\/www.academiedujazz.com\/index.php\/palmares\/palmares-1983\/","url":"https:\/\/www.academiedujazz.com\/index.php\/palmares\/palmares-1983\/","name":"Palmar\u00e8s 1983 - Acad\u00e9mie du Jazz","isPartOf":{"@id":"https:\/\/www.academiedujazz.com\/#website"},"datePublished":"2024-01-19T21:40:26+00:00","dateModified":"2024-01-19T21:45:07+00:00","breadcrumb":{"@id":"https:\/\/www.academiedujazz.com\/index.php\/palmares\/palmares-1983\/#breadcrumb"},"inLanguage":"fr-FR","potentialAction":[{"@type":"ReadAction","target":["https:\/\/www.academiedujazz.com\/index.php\/palmares\/palmares-1983\/"]}]},{"@type":"BreadcrumbList","@id":"https:\/\/www.academiedujazz.com\/index.php\/palmares\/palmares-1983\/#breadcrumb","itemListElement":[{"@type":"ListItem","position":1,"name":"Accueil","item":"https:\/\/www.academiedujazz.com\/"},{"@type":"ListItem","position":2,"name":"Palmar\u00e8s 1983"}]},{"@type":"WebSite","@id":"https:\/\/www.academiedujazz.com\/#website","url":"https:\/\/www.academiedujazz.com\/","name":"Acad\u00e9mie du Jazz","description":"","publisher":{"@id":"https:\/\/www.academiedujazz.com\/#organization"},"potentialAction":[{"@type":"SearchAction","target":{"@type":"EntryPoint","urlTemplate":"https:\/\/www.academiedujazz.com\/?s={search_term_string}"},"query-input":"required name=search_term_string"}],"inLanguage":"fr-FR"},{"@type":"Organization","@id":"https:\/\/www.academiedujazz.com\/#organization","name":"Acad\u00e9mie du Jazz","url":"https:\/\/www.academiedujazz.com\/","logo":{"@type":"ImageObject","inLanguage":"fr-FR","@id":"https:\/\/www.academiedujazz.com\/#\/schema\/logo\/image\/","url":"https:\/\/www.academiedujazz.com\/wp-content\/uploads\/2023\/11\/Logo-web_Academie-Du-Jazz_Fond-sombre.png","contentUrl":"https:\/\/www.academiedujazz.com\/wp-content\/uploads\/2023\/11\/Logo-web_Academie-Du-Jazz_Fond-sombre.png","width":949,"height":800,"caption":"Acad\u00e9mie du Jazz"},"image":{"@id":"https:\/\/www.academiedujazz.com\/#\/schema\/logo\/image\/"}}]}},"_links":{"self":[{"href":"https:\/\/www.academiedujazz.com\/index.php\/wp-json\/wp\/v2\/palmares\/1841","targetHints":{"allow":["GET"]}}],"collection":[{"href":"https:\/\/www.academiedujazz.com\/index.php\/wp-json\/wp\/v2\/palmares"}],"about":[{"href":"https:\/\/www.academiedujazz.com\/index.php\/wp-json\/wp\/v2\/types\/palmares"}],"version-history":[{"count":4,"href":"https:\/\/www.academiedujazz.com\/index.php\/wp-json\/wp\/v2\/palmares\/1841\/revisions"}],"predecessor-version":[{"id":1850,"href":"https:\/\/www.academiedujazz.com\/index.php\/wp-json\/wp\/v2\/palmares\/1841\/revisions\/1850"}],"wp:attachment":[{"href":"https:\/\/www.academiedujazz.com\/index.php\/wp-json\/wp\/v2\/media?parent=1841"}],"curies":[{"name":"wp","href":"https:\/\/api.w.org\/{rel}","templated":true}]}}