{"id":1779,"date":"2024-01-19T22:17:12","date_gmt":"2024-01-19T21:17:12","guid":{"rendered":"https:\/\/www.academiedujazz.com\/?post_type=palmares&#038;p=1779"},"modified":"2024-01-19T22:17:58","modified_gmt":"2024-01-19T21:17:58","slug":"palmares-1992","status":"publish","type":"palmares","link":"https:\/\/www.academiedujazz.com\/index.php\/palmares\/palmares-1992\/","title":{"rendered":"Palmar\u00e8s 1992"},"content":{"rendered":"\t\t<div data-elementor-type=\"wp-post\" data-elementor-id=\"1779\" class=\"elementor elementor-1779\" data-elementor-post-type=\"palmares\">\n\t\t\t\t\t\t\t<div class=\"elementor-element elementor-element-b66b883 e-flex e-con-boxed e-con e-parent\" data-id=\"b66b883\" data-element_type=\"container\" data-settings=\"{&quot;background_background&quot;:&quot;classic&quot;,&quot;container_type&quot;:&quot;flex&quot;,&quot;content_width&quot;:&quot;boxed&quot;}\" data-core-v316-plus=\"true\">\n\t\t\t\t\t<div class=\"e-con-inner\">\n\t\t\t\t<div class=\"elementor-element elementor-element-ebcebc4 elementor-widget__width-initial b-primary elementor-widget elementor-widget-text-editor\" data-id=\"ebcebc4\" data-element_type=\"widget\" data-widget_type=\"text-editor.default\">\n\t\t\t\t<div class=\"elementor-widget-container\">\n\t\t\t<style>\/*! elementor - v3.18.0 - 20-12-2023 *\/\n.elementor-widget-text-editor.elementor-drop-cap-view-stacked .elementor-drop-cap{background-color:#69727d;color:#fff}.elementor-widget-text-editor.elementor-drop-cap-view-framed .elementor-drop-cap{color:#69727d;border:3px solid;background-color:transparent}.elementor-widget-text-editor:not(.elementor-drop-cap-view-default) .elementor-drop-cap{margin-top:8px}.elementor-widget-text-editor:not(.elementor-drop-cap-view-default) .elementor-drop-cap-letter{width:1em;height:1em}.elementor-widget-text-editor .elementor-drop-cap{float:left;text-align:center;line-height:1;font-size:50px}.elementor-widget-text-editor .elementor-drop-cap-letter{display:inline-block}<\/style>\t\t\t\t<p><strong>Sous la pr\u00e9sidence d\u2019Honneur de St\u00e9phane Grappelli, et en pr\u00e9sence de ses Vice-Pr\u00e9sidents d\u2019Honneur, Michel de Bry et Andr\u00e9 Hodeir, du Pr\u00e9sident Maurice Cullaz et des membres d\u2019Honneur, le jury de l\u2019Acad\u00e9mie du Jazz, r\u00e9uni le 10 janvier 1993 au \u2018New Morning\u2019, 7 rue des Petites-Ecuries, (10\u00e8me), a d\u00e9cern\u00e9 ses r\u00e9compenses pour l\u2019ann\u00e9e 1992\u00a0:<\/strong><\/p><p><strong>Le Prix Django Reinhardt<\/strong>\u00a0(musicien fran\u00e7ais de l\u2019ann\u00e9e) \u00e0\u00a0<strong>Sylvain Beuf<\/strong>, saxophoniste et compositeur.<\/p><p><strong>Le prix Sidney Bechet<\/strong>\u00a0(musicien Fran\u00e7ais de l\u2019ann\u00e9e jouant dans le style traditionnel) \u00e0\u00a0<strong>Louis Mazetier<\/strong>, pianiste.<\/p><p><strong>Le prix Sidney Bechet \u2018In Honorem\u2019<\/strong>\u00a0: \u00e0\u00a0<strong>St\u00e9phane Guerault<\/strong>, saxophoniste et Clarinettiste.<\/p><p><strong>L\u2019Oscar 1992<\/strong>\u00a0: \u00e0 l\u2019album \u2018<i>Haunted Heart<\/i>\u2019 du\u00a0<strong>Charlie Haden Quartet West<\/strong>, (Verve\/Polygram Jazz).<\/p><p><strong>L\u2019Oscar de la meilleure r\u00e9\u00e9dition de Jazz Vocal<\/strong>\u00a0\u00e0 l\u2019album \u2018<i>The Complete Vanguard Recordings<\/i>\u2019, de\u00a0<strong>Jimmy Rushing<\/strong>, (2 CD, Vanguard\/WMD).<\/p><p><strong>Le Prix du Jazz Moderne<\/strong>\u00a0\u00e0 l\u2019album \u2018<i>On Broadway, Vol.3<\/i>\u2019, de\u00a0<strong>Paul Motian<\/strong>, (JMT\/Polygram Jazz).<\/p><p><strong>Le Prix du meilleur enregistrement in\u00e9dit<\/strong>\u00a0\u00e0\u00a0<strong>Gerry Mulligan<\/strong>, pour son album \u2018<i>Olympia, November 19, 1960<\/i>\u2019 (Trema\/Sony Music).<\/p><p><strong>Le Prix Boris Vian<\/strong>\u00a0(meilleur enregistrement Fran\u00e7ais) \u00e0 l\u2019album \u2018<i>Meets Claude Debussy<\/i>\u2019, du\u00a0<strong>Gerard Badini Super Swing Machine<\/strong>, (Manttra\/WMD).<\/p><p><strong>Le Prix Boris Vian du meilleur enregistrement vocal Fran\u00e7ais<\/strong>\u00a0\u00e0 l\u2019album \u2018<i>Boppin\u2019 in French<\/i>\u2019, de\u00a0<strong>Vox Office<\/strong>, (IDA\/OMD).<\/p><p><strong>Le Prix Bill Coleman<\/strong>\u00a0(du meilleur enregistrement de Jazz Traditionnel) \u00e0 l\u2019album \u2018<i>Echoes of Carolina<\/i>\u2019, de\u00a0<strong>Fran\u00e7ois Rilhac &amp; Louis Mazetier<\/strong>, (avec\u00a0<strong>Alain Marquet<\/strong>), (Stomp Off\/Jazz Trad).<\/p><p><strong>Le Prix Sp\u00e9cial de la Meilleure R\u00e9\u00e9dition de jazz Traditionnel<\/strong>\u00a0de l\u2019Ann\u00e9e\u00a0: aux dix albums de la s\u00e9rie \u2018<strong>Sounds of New Orleans<\/strong>\u2019, (Storyville\/OMD).<\/p><p><strong>Le Prix Fats Waller<\/strong>\u00a0(de la meilleure r\u00e9\u00e9dition de jazz) \u00e0 l\u2019album \u2018<i>P\u00eache \u00e0 la Mouche<\/i>\u2019, de\u00a0<strong>Django Reinhardt<\/strong>, (Verve\/Polygram Jazz).<\/p><p><strong>Le Prix Mahalia Jackson<\/strong>\u00a0(meilleur disque de Gospel), \u00e0 l\u2019album \u2018<strong>\u00a0<i>Gospel Humming Birds<\/i>\u00a0<\/strong>\u2019, (Voodoo Records \/New Rose).<\/p><p><strong>Le Prix Mahalia Jackson de la meilleure r\u00e9\u00e9dition Gospel<\/strong>\u00a0: \u00e0 l\u2019album \u2018<i>Dragnet For Jesus<\/i>\u2019, de\u00a0<strong>Sister Wynona Carr<\/strong>, (Ace\/M\u00e9dia 7).<\/p><p><strong>Le Prix Billie Holiday<\/strong>\u00a0(meilleure nouveaut\u00e9 vocale), \u00e0\u00a0<strong>Rachelle Ferrell<\/strong>, (Something Else\/ Harmonia Mundi).<\/p><p><strong>Le Prix Billie Holiday \u2018In Memoriam\u2019<\/strong>\u00a0au coffret \u2018<strong>The Complete Billie Holiday On Verve<\/strong>\u2019, (Verve\/Polygram), \u00e0 \u2018<strong>Billie Holiday, Decca Recordings<\/strong>\u2019, (2 CD, GRP\/BMG), et \u00e0 \u2018<strong>The Voice of Jazz \u2013 Complete Recordings 1933 &#8211; 1940<\/strong>\u2019, (Affinity\/Charly Records\/M\u00e9dia 7).<\/p><p><strong>Le prix Big Bill Broonzy<\/strong>\u00a0du meilleur disque de blues traditionnel \u00e0 l\u2019album \u2018<i>Double Deuce<\/i>\u2019 de\u00a0<strong>Larry Garner<\/strong>, (JSP\/M\u00e9dia 7).<\/p><p><strong>Le prix Otis Redding<\/strong>\u00a0du meilleur disque de Rhythm &amp; Blues \u00e0 l\u2019album \u2018<i>I\u2019ll Treat You Right<\/i>\u2019 d\u2019<strong>Otis Clay<\/strong>, (Rounder\/M\u00e9dia 7).<\/p><p><strong>Le prix Otis Redding de la meilleure r\u00e9\u00e9dition de Rhythm &amp; Blues<\/strong>\u00a0\u00e0\u00a0<strong>Mable John<\/strong>\u00a0pour \u2019<i>Stay Out Of The Kitchen<\/i>\u2019,(Ace\/M\u00e9dia 7).<\/p><p><strong>Le prix Sonny Boy Williamson<\/strong>\u00a0(meilleure r\u00e9\u00e9dition d\u2019enregistrements de Blues) \u00e0 l\u2019album \u2018<i>ToDay<\/i>\u2019, de\u00a0<strong>Skip James<\/strong>, (Vanguard\/WMD).<\/p><p><strong>Le Prix Big Joe Turner<\/strong>, (meilleur disque de Soul de l\u2019ann\u00e9e), \u00e0 l\u2019album \u2018<i>Going Back To New Orleans<\/i>\u2019, de\u00a0<strong>Doctor John<\/strong>, (WEA Filipacchi).<\/p><p><strong>Le Prix Big Joe Turner R\u00e9\u00e9dition<\/strong>\u00a0(Soul) \u00e0 l\u2019album \u2018<i>Rocks The House<\/i>\u2019, d\u2019<strong>Etta James<\/strong>, (MCA\/BMG).<\/p><p><strong>Le Prix Robert Goffin<\/strong>\u00a0au livre \u2018<i>Le Ragtime<\/i>\u2019, de\u00a0<strong>Jacques-Bernard Hess<\/strong>, (Que Sais-Je\u00a0?).<\/p><p><strong>Le Prix Charles Delaunay<\/strong>\u00a0au livre \u2018<i>Talkin\u2019 That Talk, le Langage du Blues et du Jazz<\/i>\u2019, de\u00a0<strong>Jean-Paul Levet<\/strong>\u00a0(Hatier).<br class=\"autobr\" \/><strong><br class=\"autobr\" \/>Le Prix Langston Hughes<\/strong>\u00a0au livre \u2018<i>Rhythm and Blues<\/i>\u2019 de\u00a0<strong>Francis Hofstein<\/strong>, (Que Sais-Je ?).<\/p>\t\t\t\t\t\t<\/div>\n\t\t\t\t<\/div>\n\t\t\t\t\t<\/div>\n\t\t\t\t<\/div>\n\t\t\t\t\t\t\t<\/div>\n\t\t","protected":false},"featured_media":0,"template":"elementor_header_footer","class_list":["post-1779","palmares","type-palmares","status-publish","hentry"],"yoast_head":"<!-- This site is optimized with the Yoast SEO plugin v21.9.1 - https:\/\/yoast.com\/wordpress\/plugins\/seo\/ -->\n<title>Palmar\u00e8s 1992 - Acad\u00e9mie du Jazz<\/title>\n<meta name=\"robots\" content=\"index, follow, max-snippet:-1, max-image-preview:large, max-video-preview:-1\" \/>\n<link rel=\"canonical\" href=\"https:\/\/www.academiedujazz.com\/index.php\/palmares\/palmares-1992\/\" \/>\n<meta property=\"og:locale\" content=\"fr_FR\" \/>\n<meta property=\"og:type\" content=\"article\" \/>\n<meta property=\"og:title\" content=\"Palmar\u00e8s 1992 - Acad\u00e9mie du Jazz\" \/>\n<meta property=\"og:description\" content=\"Sous la pr\u00e9sidence d\u2019Honneur de St\u00e9phane Grappelli, et en pr\u00e9sence de ses Vice-Pr\u00e9sidents d\u2019Honneur, Michel de Bry et Andr\u00e9 Hodeir, du Pr\u00e9sident Maurice Cullaz et des membres d\u2019Honneur, le jury de l\u2019Acad\u00e9mie du Jazz, r\u00e9uni le 10 janvier 1993 au \u2018New Morning\u2019, 7 rue des Petites-Ecuries, (10\u00e8me), a d\u00e9cern\u00e9 ses r\u00e9compenses pour l\u2019ann\u00e9e 1992\u00a0: Le [&hellip;]\" \/>\n<meta property=\"og:url\" content=\"https:\/\/www.academiedujazz.com\/index.php\/palmares\/palmares-1992\/\" \/>\n<meta property=\"og:site_name\" content=\"Acad\u00e9mie du Jazz\" \/>\n<meta property=\"article:modified_time\" content=\"2024-01-19T21:17:58+00:00\" \/>\n<meta name=\"twitter:card\" content=\"summary_large_image\" \/>\n<meta name=\"twitter:label1\" content=\"Dur\u00e9e de lecture estim\u00e9e\" \/>\n\t<meta name=\"twitter:data1\" content=\"3 minutes\" \/>\n<script type=\"application\/ld+json\" class=\"yoast-schema-graph\">{\"@context\":\"https:\/\/schema.org\",\"@graph\":[{\"@type\":\"WebPage\",\"@id\":\"https:\/\/www.academiedujazz.com\/index.php\/palmares\/palmares-1992\/\",\"url\":\"https:\/\/www.academiedujazz.com\/index.php\/palmares\/palmares-1992\/\",\"name\":\"Palmar\u00e8s 1992 - Acad\u00e9mie du Jazz\",\"isPartOf\":{\"@id\":\"https:\/\/www.academiedujazz.com\/#website\"},\"datePublished\":\"2024-01-19T21:17:12+00:00\",\"dateModified\":\"2024-01-19T21:17:58+00:00\",\"breadcrumb\":{\"@id\":\"https:\/\/www.academiedujazz.com\/index.php\/palmares\/palmares-1992\/#breadcrumb\"},\"inLanguage\":\"fr-FR\",\"potentialAction\":[{\"@type\":\"ReadAction\",\"target\":[\"https:\/\/www.academiedujazz.com\/index.php\/palmares\/palmares-1992\/\"]}]},{\"@type\":\"BreadcrumbList\",\"@id\":\"https:\/\/www.academiedujazz.com\/index.php\/palmares\/palmares-1992\/#breadcrumb\",\"itemListElement\":[{\"@type\":\"ListItem\",\"position\":1,\"name\":\"Accueil\",\"item\":\"https:\/\/www.academiedujazz.com\/\"},{\"@type\":\"ListItem\",\"position\":2,\"name\":\"Palmar\u00e8s 1992\"}]},{\"@type\":\"WebSite\",\"@id\":\"https:\/\/www.academiedujazz.com\/#website\",\"url\":\"https:\/\/www.academiedujazz.com\/\",\"name\":\"Acad\u00e9mie du Jazz\",\"description\":\"\",\"publisher\":{\"@id\":\"https:\/\/www.academiedujazz.com\/#organization\"},\"potentialAction\":[{\"@type\":\"SearchAction\",\"target\":{\"@type\":\"EntryPoint\",\"urlTemplate\":\"https:\/\/www.academiedujazz.com\/?s={search_term_string}\"},\"query-input\":\"required name=search_term_string\"}],\"inLanguage\":\"fr-FR\"},{\"@type\":\"Organization\",\"@id\":\"https:\/\/www.academiedujazz.com\/#organization\",\"name\":\"Acad\u00e9mie du Jazz\",\"url\":\"https:\/\/www.academiedujazz.com\/\",\"logo\":{\"@type\":\"ImageObject\",\"inLanguage\":\"fr-FR\",\"@id\":\"https:\/\/www.academiedujazz.com\/#\/schema\/logo\/image\/\",\"url\":\"https:\/\/www.academiedujazz.com\/wp-content\/uploads\/2023\/11\/Logo-web_Academie-Du-Jazz_Fond-sombre.png\",\"contentUrl\":\"https:\/\/www.academiedujazz.com\/wp-content\/uploads\/2023\/11\/Logo-web_Academie-Du-Jazz_Fond-sombre.png\",\"width\":949,\"height\":800,\"caption\":\"Acad\u00e9mie du Jazz\"},\"image\":{\"@id\":\"https:\/\/www.academiedujazz.com\/#\/schema\/logo\/image\/\"}}]}<\/script>\n<!-- \/ Yoast SEO plugin. -->","yoast_head_json":{"title":"Palmar\u00e8s 1992 - Acad\u00e9mie du Jazz","robots":{"index":"index","follow":"follow","max-snippet":"max-snippet:-1","max-image-preview":"max-image-preview:large","max-video-preview":"max-video-preview:-1"},"canonical":"https:\/\/www.academiedujazz.com\/index.php\/palmares\/palmares-1992\/","og_locale":"fr_FR","og_type":"article","og_title":"Palmar\u00e8s 1992 - Acad\u00e9mie du Jazz","og_description":"Sous la pr\u00e9sidence d\u2019Honneur de St\u00e9phane Grappelli, et en pr\u00e9sence de ses Vice-Pr\u00e9sidents d\u2019Honneur, Michel de Bry et Andr\u00e9 Hodeir, du Pr\u00e9sident Maurice Cullaz et des membres d\u2019Honneur, le jury de l\u2019Acad\u00e9mie du Jazz, r\u00e9uni le 10 janvier 1993 au \u2018New Morning\u2019, 7 rue des Petites-Ecuries, (10\u00e8me), a d\u00e9cern\u00e9 ses r\u00e9compenses pour l\u2019ann\u00e9e 1992\u00a0: Le [&hellip;]","og_url":"https:\/\/www.academiedujazz.com\/index.php\/palmares\/palmares-1992\/","og_site_name":"Acad\u00e9mie du Jazz","article_modified_time":"2024-01-19T21:17:58+00:00","twitter_card":"summary_large_image","twitter_misc":{"Dur\u00e9e de lecture estim\u00e9e":"3 minutes"},"schema":{"@context":"https:\/\/schema.org","@graph":[{"@type":"WebPage","@id":"https:\/\/www.academiedujazz.com\/index.php\/palmares\/palmares-1992\/","url":"https:\/\/www.academiedujazz.com\/index.php\/palmares\/palmares-1992\/","name":"Palmar\u00e8s 1992 - Acad\u00e9mie du Jazz","isPartOf":{"@id":"https:\/\/www.academiedujazz.com\/#website"},"datePublished":"2024-01-19T21:17:12+00:00","dateModified":"2024-01-19T21:17:58+00:00","breadcrumb":{"@id":"https:\/\/www.academiedujazz.com\/index.php\/palmares\/palmares-1992\/#breadcrumb"},"inLanguage":"fr-FR","potentialAction":[{"@type":"ReadAction","target":["https:\/\/www.academiedujazz.com\/index.php\/palmares\/palmares-1992\/"]}]},{"@type":"BreadcrumbList","@id":"https:\/\/www.academiedujazz.com\/index.php\/palmares\/palmares-1992\/#breadcrumb","itemListElement":[{"@type":"ListItem","position":1,"name":"Accueil","item":"https:\/\/www.academiedujazz.com\/"},{"@type":"ListItem","position":2,"name":"Palmar\u00e8s 1992"}]},{"@type":"WebSite","@id":"https:\/\/www.academiedujazz.com\/#website","url":"https:\/\/www.academiedujazz.com\/","name":"Acad\u00e9mie du Jazz","description":"","publisher":{"@id":"https:\/\/www.academiedujazz.com\/#organization"},"potentialAction":[{"@type":"SearchAction","target":{"@type":"EntryPoint","urlTemplate":"https:\/\/www.academiedujazz.com\/?s={search_term_string}"},"query-input":"required name=search_term_string"}],"inLanguage":"fr-FR"},{"@type":"Organization","@id":"https:\/\/www.academiedujazz.com\/#organization","name":"Acad\u00e9mie du Jazz","url":"https:\/\/www.academiedujazz.com\/","logo":{"@type":"ImageObject","inLanguage":"fr-FR","@id":"https:\/\/www.academiedujazz.com\/#\/schema\/logo\/image\/","url":"https:\/\/www.academiedujazz.com\/wp-content\/uploads\/2023\/11\/Logo-web_Academie-Du-Jazz_Fond-sombre.png","contentUrl":"https:\/\/www.academiedujazz.com\/wp-content\/uploads\/2023\/11\/Logo-web_Academie-Du-Jazz_Fond-sombre.png","width":949,"height":800,"caption":"Acad\u00e9mie du Jazz"},"image":{"@id":"https:\/\/www.academiedujazz.com\/#\/schema\/logo\/image\/"}}]}},"_links":{"self":[{"href":"https:\/\/www.academiedujazz.com\/index.php\/wp-json\/wp\/v2\/palmares\/1779","targetHints":{"allow":["GET"]}}],"collection":[{"href":"https:\/\/www.academiedujazz.com\/index.php\/wp-json\/wp\/v2\/palmares"}],"about":[{"href":"https:\/\/www.academiedujazz.com\/index.php\/wp-json\/wp\/v2\/types\/palmares"}],"version-history":[{"count":4,"href":"https:\/\/www.academiedujazz.com\/index.php\/wp-json\/wp\/v2\/palmares\/1779\/revisions"}],"predecessor-version":[{"id":1784,"href":"https:\/\/www.academiedujazz.com\/index.php\/wp-json\/wp\/v2\/palmares\/1779\/revisions\/1784"}],"wp:attachment":[{"href":"https:\/\/www.academiedujazz.com\/index.php\/wp-json\/wp\/v2\/media?parent=1779"}],"curies":[{"name":"wp","href":"https:\/\/api.w.org\/{rel}","templated":true}]}}