{"id":1755,"date":"2024-01-19T22:12:08","date_gmt":"2024-01-19T21:12:08","guid":{"rendered":"https:\/\/www.academiedujazz.com\/?post_type=palmares&#038;p=1755"},"modified":"2024-01-19T22:12:41","modified_gmt":"2024-01-19T21:12:41","slug":"palmares-1996","status":"publish","type":"palmares","link":"https:\/\/www.academiedujazz.com\/index.php\/palmares\/palmares-1996\/","title":{"rendered":"Palmar\u00e8s 1996"},"content":{"rendered":"\t\t<div data-elementor-type=\"wp-post\" data-elementor-id=\"1755\" class=\"elementor elementor-1755\" data-elementor-post-type=\"palmares\">\n\t\t\t\t\t\t\t<div class=\"elementor-element elementor-element-b66b883 e-flex e-con-boxed e-con e-parent\" data-id=\"b66b883\" data-element_type=\"container\" data-settings=\"{&quot;background_background&quot;:&quot;classic&quot;,&quot;container_type&quot;:&quot;flex&quot;,&quot;content_width&quot;:&quot;boxed&quot;}\" data-core-v316-plus=\"true\">\n\t\t\t\t\t<div class=\"e-con-inner\">\n\t\t\t\t<div class=\"elementor-element elementor-element-ebcebc4 elementor-widget__width-initial b-primary elementor-widget elementor-widget-text-editor\" data-id=\"ebcebc4\" data-element_type=\"widget\" data-widget_type=\"text-editor.default\">\n\t\t\t\t<div class=\"elementor-widget-container\">\n\t\t\t<style>\/*! elementor - v3.18.0 - 20-12-2023 *\/\n.elementor-widget-text-editor.elementor-drop-cap-view-stacked .elementor-drop-cap{background-color:#69727d;color:#fff}.elementor-widget-text-editor.elementor-drop-cap-view-framed .elementor-drop-cap{color:#69727d;border:3px solid;background-color:transparent}.elementor-widget-text-editor:not(.elementor-drop-cap-view-default) .elementor-drop-cap{margin-top:8px}.elementor-widget-text-editor:not(.elementor-drop-cap-view-default) .elementor-drop-cap-letter{width:1em;height:1em}.elementor-widget-text-editor .elementor-drop-cap{float:left;text-align:center;line-height:1;font-size:50px}.elementor-widget-text-editor .elementor-drop-cap-letter{display:inline-block}<\/style>\t\t\t\t<p><strong>Au cours de la soir\u00e9e organis\u00e9e le 15 d\u00e9cembre 1996 au New Morning \u00e0 Paris, L\u2019Acad\u00e9mie Du Jazz a d\u00e9cern\u00e9 ses prix pour l\u2019ann\u00e9e 1996\u00a0:<\/strong><\/p><p><strong>Le Prix Django Reinhardt<\/strong>\u00a0(musicien fran\u00e7ais de l\u2019ann\u00e9e)\u00a0: \u00e0\u00a0<strong>Simon Goubert<\/strong>, pianiste et drummer.<br class=\"autobr\" \/><i>&#8211; Finalistes<\/i>\u00a0:\u00a0<strong>Jacky Terrasson<\/strong>,\u00a0<strong>Laurent Dehors<\/strong>\u00a0et\u00a0<strong>Manuel Rocheman<\/strong>.<\/p><p><strong>Le prix Sidney Bechet<\/strong>\u00a0(musicien Fran\u00e7ais de l\u2019ann\u00e9e jouant dans le style traditionnel)\u00a0: \u00e0\u00a0<strong>Philippe Milanta<\/strong>, pianiste.<br class=\"autobr\" \/><i>&#8211; Finaliste<\/i>\u00a0:\u00a0<strong>Romane<\/strong>, guitariste.<\/p><p><strong>Le Prix du meilleur disque de l\u2019ann\u00e9e\u00a0<\/strong>\u00a0: \u00e0 l\u2019album \u2018<i>Big Band<\/i>\u2019, de\u00a0<strong>Joe Henderson<\/strong>, (Verve\/Polygram).<br class=\"autobr\" \/><i>&#8211; Finalistes<\/i>\u00a0:\u00a0<strong>Bill Holman<\/strong>, (\u2018<i>A View From The Side<\/i>\u2019, JVC\/Night And Day),\u00a0<strong>Steve Coleman<\/strong>, (\u2018<i>The Sign And The Seal<\/i>\u2019, RCA\/BMG).<\/p><p><strong>Le Prix Boris Vian\u00a0<\/strong>(meilleur disque de l\u2019ann\u00e9e enregistr\u00e9 par un musicien Fran\u00e7ais)\u00a0: \u00e0 l\u2019album \u2018<i>Reminiscing<\/i>\u2019, de L\u2019<strong>Orchestre National de Jazz<\/strong>, dirig\u00e9 par\u00a0<strong>Laurent CUGNY<\/strong>, (Verve\/Polygram).<br class=\"autobr\" \/><i>&#8211; Finalistes<\/i>\u00a0:\u00a0<strong>St\u00e9phane Grappelli\/Michel Petrucciani<\/strong>, (\u2018<i>Flamingo<\/i>\u2019, Dreyfus Jazz\/Sony Music),\u00a0<strong>Claude Tissendier Saxomania And Clark Terry<\/strong>, (\u2018<i>A tale of Two Cities<\/i>\u2019, IDA\/Harmonia Mundi), et\u00a0<strong>Tuxedo<\/strong>, (\u2018<i>Siesta At The Fiesta<\/i>\u2019, TBB).<\/p><p><strong>Le Prix Bobby Jaspar<\/strong>\u00a0(du musicien Europ\u00e9en r\u00e9compens\u00e9 pour l\u2019ensemble de son oeuvre)\u00a0: \u00e0\u00a0<strong>Aldo Romano<\/strong>, drummer.<br class=\"autobr\" \/><i>&#8211; Finalistes<\/i>\u00a0:\u00a0<strong>Enrico Pieranunzi<\/strong>\u00a0et\u00a0<strong>Enrico Rava<\/strong>.<\/p><p><strong>Le Prix de la Meilleure R\u00e9\u00e9dition ou du meilleur in\u00e9dit de l\u2019ann\u00e9e<\/strong>\u00a0: \u00e0 \u2018<strong>The Complete Pacific Recordings Of The Gerry Mulligan Quartet With Chet Baker<\/strong>\u2019, (Pacific Jazz\/E.M.I. France)<br class=\"autobr\" \/><i>&#8211; Finalistes<\/i>\u00a0:\u00a0<strong>Miles Davis\/Gil Evans<\/strong>, (\u2018<i>The Complete Columbia Studio Recordings<\/i>\u2019, Columbia\/Sony Music), et\u00a0<strong>Bill Evans<\/strong>, (\u2018<i>Turn Out The Stars &#8211; The Final Village Vanguard Recordings<\/i>\u2019, Warner Bros\/WEA Music).<\/p><p><strong>Le Prix Fats Waller<\/strong>\u00a0(de la meilleure nouveaut\u00e9 ou r\u00e9\u00e9dition, classique ou traditionnelle)\u00a0:\u00a0<strong>Ex-Aequo<\/strong>\u00a0aux albums \u2018<strong>Bix Beiderbecke \u2013 Complete Edition<\/strong>\u2019, (Masters of Jazz\/M\u00e9dia 7), et \u2018<strong>Art Tatum \u2013 20th Century Piano Genius<\/strong>\u2019 (Verve\/Polygram).<\/p><p><strong>Le Prix Mahalia Jackson<\/strong>, (meilleur disque de Gospel)\u00a0: \u00e0 l\u2019album \u2018<i>Time is Now<\/i>\u2019, de\u00a0<strong>Liz McComb<\/strong>, (Back to the Blues\/M\u00e9dia 7).<br class=\"autobr\" \/><i>&#8211; Finalistes<\/i>\u00a0:\u00a0<strong>Cissy Houston<\/strong>, (\u2018<i>Face To Face<\/i>\u2019, House of Blues\/BMG) et\u00a0<strong>Take 6<\/strong>, (\u2018<i>Brothers<\/i>\u2019, Reprise\/WEA Music).<\/p><p><strong>Le Prix Billie Holiday<\/strong>\u00a0(meilleure nouveaut\u00e9 ou r\u00e9\u00e9dition vocale)\u00a0: \u00e0\u00a0<strong>Diane Reeves<\/strong>, pour l\u2019album \u2018<i>The Grand Encounter<\/i>\u2019, (Blue Note\/E.M.I. France).<br class=\"autobr\" \/><i>&#8211; Finalistes<\/i>\u00a0:\u00a0<strong>Diana Krall<\/strong>, (\u2018<i>All For You<\/i>\u2019, Impulse\/MCA France), et\u00a0<strong>Andy Bey<\/strong>, (\u2018<i>Ballads, Blues and Bey<\/i>\u2019, Evidence\/Harmonia Mundi).<\/p><p><strong>Le prix Big Bill Broonzy<\/strong>\u00a0du meilleur disque de blues \u00e0 l\u2019album \u2018<i>Come On In This House<\/i>\u2019, de\u00a0<strong>Junior Wells<\/strong>, (Telarc\/TMS).<br class=\"autobr\" \/><i>-Finalistes<\/i>\u00a0:\u00a0<strong>Johnny Guitar Watson<\/strong>, (\u2018<i>Hot Like TNT<\/i>\u2019, Ace\/M\u00e9dia 7), et\u00a0<strong>James Cotton<\/strong>, (\u2018<i>Deep in The Blues<\/i>\u2019, Verve\/Polygram).<\/p><p><strong>Le prix Otis Redding<\/strong>\u00a0du meilleur disque de Rhythm &amp; Blues &#8211; Soul\u00a0: \u00e0 l\u2019album \u2018<i>Berlin, 1962<\/i>\u2019 de\u00a0<strong>Ray Charles<\/strong>, (Pablo\/WEA Music).<br class=\"autobr\" \/><i>&#8211; Finalistes<\/i>\u00a0:\u00a0<strong>Donny Hathaway<\/strong>, (\u2018<i>Everything Is Everything<\/i>\u2019, Rhino\/East West), et\u00a0<strong>Solo<\/strong>, (Perspective Records\/Polygram).<\/p><p><strong>Le Prix Charles Delaunay<\/strong>\u00a0(du meilleur livre de l\u2019ann\u00e9e)\u00a0: au livre \u2018<strong>\u00a0<i>Monk<\/i>\u00a0<\/strong>\u2019, de\u00a0<strong>Laurent De Wilde<\/strong>\u00a0(L\u2019Arpenteur\/Gallimard).<br class=\"autobr\" \/><i>&#8211; Finalistes<\/i>\u00a0:\u00a0<strong>Franck Bergerot<\/strong>, (\u2018<i>Miles DAVIS, introduction \u00e0 l\u2019\u00e9coute du Jazz Moderne<\/i>\u2019, Seuil), et\u00a0<strong>Guy Le Querrec<\/strong>, (\u2018<i>Jazz, de J \u00e0 ZZ<\/i>\u2019, Marval).<\/p>\t\t\t\t\t\t<\/div>\n\t\t\t\t<\/div>\n\t\t\t\t\t<\/div>\n\t\t\t\t<\/div>\n\t\t\t\t\t\t\t<\/div>\n\t\t","protected":false},"featured_media":0,"template":"elementor_header_footer","class_list":["post-1755","palmares","type-palmares","status-publish","hentry"],"yoast_head":"<!-- This site is optimized with the Yoast SEO plugin v21.9.1 - https:\/\/yoast.com\/wordpress\/plugins\/seo\/ -->\n<title>Palmar\u00e8s 1996 - Acad\u00e9mie du Jazz<\/title>\n<meta name=\"robots\" content=\"index, follow, max-snippet:-1, max-image-preview:large, max-video-preview:-1\" \/>\n<link rel=\"canonical\" href=\"https:\/\/www.academiedujazz.com\/index.php\/palmares\/palmares-1996\/\" \/>\n<meta property=\"og:locale\" content=\"fr_FR\" \/>\n<meta property=\"og:type\" content=\"article\" \/>\n<meta property=\"og:title\" content=\"Palmar\u00e8s 1996 - Acad\u00e9mie du Jazz\" \/>\n<meta property=\"og:description\" content=\"Au cours de la soir\u00e9e organis\u00e9e le 15 d\u00e9cembre 1996 au New Morning \u00e0 Paris, L\u2019Acad\u00e9mie Du Jazz a d\u00e9cern\u00e9 ses prix pour l\u2019ann\u00e9e 1996\u00a0: Le Prix Django Reinhardt\u00a0(musicien fran\u00e7ais de l\u2019ann\u00e9e)\u00a0: \u00e0\u00a0Simon Goubert, pianiste et drummer.&#8211; Finalistes\u00a0:\u00a0Jacky Terrasson,\u00a0Laurent Dehors\u00a0et\u00a0Manuel Rocheman. Le prix Sidney Bechet\u00a0(musicien Fran\u00e7ais de l\u2019ann\u00e9e jouant dans le style traditionnel)\u00a0: \u00e0\u00a0Philippe Milanta, [&hellip;]\" \/>\n<meta property=\"og:url\" content=\"https:\/\/www.academiedujazz.com\/index.php\/palmares\/palmares-1996\/\" \/>\n<meta property=\"og:site_name\" content=\"Acad\u00e9mie du Jazz\" \/>\n<meta property=\"article:modified_time\" content=\"2024-01-19T21:12:41+00:00\" \/>\n<meta name=\"twitter:card\" content=\"summary_large_image\" \/>\n<meta name=\"twitter:label1\" content=\"Dur\u00e9e de lecture estim\u00e9e\" \/>\n\t<meta name=\"twitter:data1\" content=\"3 minutes\" \/>\n<script type=\"application\/ld+json\" class=\"yoast-schema-graph\">{\"@context\":\"https:\/\/schema.org\",\"@graph\":[{\"@type\":\"WebPage\",\"@id\":\"https:\/\/www.academiedujazz.com\/index.php\/palmares\/palmares-1996\/\",\"url\":\"https:\/\/www.academiedujazz.com\/index.php\/palmares\/palmares-1996\/\",\"name\":\"Palmar\u00e8s 1996 - Acad\u00e9mie du Jazz\",\"isPartOf\":{\"@id\":\"https:\/\/www.academiedujazz.com\/#website\"},\"datePublished\":\"2024-01-19T21:12:08+00:00\",\"dateModified\":\"2024-01-19T21:12:41+00:00\",\"breadcrumb\":{\"@id\":\"https:\/\/www.academiedujazz.com\/index.php\/palmares\/palmares-1996\/#breadcrumb\"},\"inLanguage\":\"fr-FR\",\"potentialAction\":[{\"@type\":\"ReadAction\",\"target\":[\"https:\/\/www.academiedujazz.com\/index.php\/palmares\/palmares-1996\/\"]}]},{\"@type\":\"BreadcrumbList\",\"@id\":\"https:\/\/www.academiedujazz.com\/index.php\/palmares\/palmares-1996\/#breadcrumb\",\"itemListElement\":[{\"@type\":\"ListItem\",\"position\":1,\"name\":\"Accueil\",\"item\":\"https:\/\/www.academiedujazz.com\/\"},{\"@type\":\"ListItem\",\"position\":2,\"name\":\"Palmar\u00e8s 1996\"}]},{\"@type\":\"WebSite\",\"@id\":\"https:\/\/www.academiedujazz.com\/#website\",\"url\":\"https:\/\/www.academiedujazz.com\/\",\"name\":\"Acad\u00e9mie du Jazz\",\"description\":\"\",\"publisher\":{\"@id\":\"https:\/\/www.academiedujazz.com\/#organization\"},\"potentialAction\":[{\"@type\":\"SearchAction\",\"target\":{\"@type\":\"EntryPoint\",\"urlTemplate\":\"https:\/\/www.academiedujazz.com\/?s={search_term_string}\"},\"query-input\":\"required name=search_term_string\"}],\"inLanguage\":\"fr-FR\"},{\"@type\":\"Organization\",\"@id\":\"https:\/\/www.academiedujazz.com\/#organization\",\"name\":\"Acad\u00e9mie du Jazz\",\"url\":\"https:\/\/www.academiedujazz.com\/\",\"logo\":{\"@type\":\"ImageObject\",\"inLanguage\":\"fr-FR\",\"@id\":\"https:\/\/www.academiedujazz.com\/#\/schema\/logo\/image\/\",\"url\":\"https:\/\/www.academiedujazz.com\/wp-content\/uploads\/2023\/11\/Logo-web_Academie-Du-Jazz_Fond-sombre.png\",\"contentUrl\":\"https:\/\/www.academiedujazz.com\/wp-content\/uploads\/2023\/11\/Logo-web_Academie-Du-Jazz_Fond-sombre.png\",\"width\":949,\"height\":800,\"caption\":\"Acad\u00e9mie du Jazz\"},\"image\":{\"@id\":\"https:\/\/www.academiedujazz.com\/#\/schema\/logo\/image\/\"}}]}<\/script>\n<!-- \/ Yoast SEO plugin. -->","yoast_head_json":{"title":"Palmar\u00e8s 1996 - Acad\u00e9mie du Jazz","robots":{"index":"index","follow":"follow","max-snippet":"max-snippet:-1","max-image-preview":"max-image-preview:large","max-video-preview":"max-video-preview:-1"},"canonical":"https:\/\/www.academiedujazz.com\/index.php\/palmares\/palmares-1996\/","og_locale":"fr_FR","og_type":"article","og_title":"Palmar\u00e8s 1996 - Acad\u00e9mie du Jazz","og_description":"Au cours de la soir\u00e9e organis\u00e9e le 15 d\u00e9cembre 1996 au New Morning \u00e0 Paris, L\u2019Acad\u00e9mie Du Jazz a d\u00e9cern\u00e9 ses prix pour l\u2019ann\u00e9e 1996\u00a0: Le Prix Django Reinhardt\u00a0(musicien fran\u00e7ais de l\u2019ann\u00e9e)\u00a0: \u00e0\u00a0Simon Goubert, pianiste et drummer.&#8211; Finalistes\u00a0:\u00a0Jacky Terrasson,\u00a0Laurent Dehors\u00a0et\u00a0Manuel Rocheman. Le prix Sidney Bechet\u00a0(musicien Fran\u00e7ais de l\u2019ann\u00e9e jouant dans le style traditionnel)\u00a0: \u00e0\u00a0Philippe Milanta, [&hellip;]","og_url":"https:\/\/www.academiedujazz.com\/index.php\/palmares\/palmares-1996\/","og_site_name":"Acad\u00e9mie du Jazz","article_modified_time":"2024-01-19T21:12:41+00:00","twitter_card":"summary_large_image","twitter_misc":{"Dur\u00e9e de lecture estim\u00e9e":"3 minutes"},"schema":{"@context":"https:\/\/schema.org","@graph":[{"@type":"WebPage","@id":"https:\/\/www.academiedujazz.com\/index.php\/palmares\/palmares-1996\/","url":"https:\/\/www.academiedujazz.com\/index.php\/palmares\/palmares-1996\/","name":"Palmar\u00e8s 1996 - Acad\u00e9mie du Jazz","isPartOf":{"@id":"https:\/\/www.academiedujazz.com\/#website"},"datePublished":"2024-01-19T21:12:08+00:00","dateModified":"2024-01-19T21:12:41+00:00","breadcrumb":{"@id":"https:\/\/www.academiedujazz.com\/index.php\/palmares\/palmares-1996\/#breadcrumb"},"inLanguage":"fr-FR","potentialAction":[{"@type":"ReadAction","target":["https:\/\/www.academiedujazz.com\/index.php\/palmares\/palmares-1996\/"]}]},{"@type":"BreadcrumbList","@id":"https:\/\/www.academiedujazz.com\/index.php\/palmares\/palmares-1996\/#breadcrumb","itemListElement":[{"@type":"ListItem","position":1,"name":"Accueil","item":"https:\/\/www.academiedujazz.com\/"},{"@type":"ListItem","position":2,"name":"Palmar\u00e8s 1996"}]},{"@type":"WebSite","@id":"https:\/\/www.academiedujazz.com\/#website","url":"https:\/\/www.academiedujazz.com\/","name":"Acad\u00e9mie du Jazz","description":"","publisher":{"@id":"https:\/\/www.academiedujazz.com\/#organization"},"potentialAction":[{"@type":"SearchAction","target":{"@type":"EntryPoint","urlTemplate":"https:\/\/www.academiedujazz.com\/?s={search_term_string}"},"query-input":"required name=search_term_string"}],"inLanguage":"fr-FR"},{"@type":"Organization","@id":"https:\/\/www.academiedujazz.com\/#organization","name":"Acad\u00e9mie du Jazz","url":"https:\/\/www.academiedujazz.com\/","logo":{"@type":"ImageObject","inLanguage":"fr-FR","@id":"https:\/\/www.academiedujazz.com\/#\/schema\/logo\/image\/","url":"https:\/\/www.academiedujazz.com\/wp-content\/uploads\/2023\/11\/Logo-web_Academie-Du-Jazz_Fond-sombre.png","contentUrl":"https:\/\/www.academiedujazz.com\/wp-content\/uploads\/2023\/11\/Logo-web_Academie-Du-Jazz_Fond-sombre.png","width":949,"height":800,"caption":"Acad\u00e9mie du Jazz"},"image":{"@id":"https:\/\/www.academiedujazz.com\/#\/schema\/logo\/image\/"}}]}},"_links":{"self":[{"href":"https:\/\/www.academiedujazz.com\/index.php\/wp-json\/wp\/v2\/palmares\/1755","targetHints":{"allow":["GET"]}}],"collection":[{"href":"https:\/\/www.academiedujazz.com\/index.php\/wp-json\/wp\/v2\/palmares"}],"about":[{"href":"https:\/\/www.academiedujazz.com\/index.php\/wp-json\/wp\/v2\/types\/palmares"}],"version-history":[{"count":4,"href":"https:\/\/www.academiedujazz.com\/index.php\/wp-json\/wp\/v2\/palmares\/1755\/revisions"}],"predecessor-version":[{"id":1764,"href":"https:\/\/www.academiedujazz.com\/index.php\/wp-json\/wp\/v2\/palmares\/1755\/revisions\/1764"}],"wp:attachment":[{"href":"https:\/\/www.academiedujazz.com\/index.php\/wp-json\/wp\/v2\/media?parent=1755"}],"curies":[{"name":"wp","href":"https:\/\/api.w.org\/{rel}","templated":true}]}}