{"id":1722,"date":"2024-01-19T22:02:08","date_gmt":"2024-01-19T21:02:08","guid":{"rendered":"https:\/\/www.academiedujazz.com\/?post_type=palmares&#038;p=1722"},"modified":"2024-01-19T22:04:03","modified_gmt":"2024-01-19T21:04:03","slug":"palmares-2002","status":"publish","type":"palmares","link":"https:\/\/www.academiedujazz.com\/index.php\/palmares\/palmares-2002\/","title":{"rendered":"Palmar\u00e8s 2002"},"content":{"rendered":"\t\t<div data-elementor-type=\"wp-post\" data-elementor-id=\"1722\" class=\"elementor elementor-1722\" data-elementor-post-type=\"palmares\">\n\t\t\t\t\t\t\t<div class=\"elementor-element elementor-element-b66b883 e-flex e-con-boxed e-con e-parent\" data-id=\"b66b883\" data-element_type=\"container\" data-settings=\"{&quot;background_background&quot;:&quot;classic&quot;,&quot;container_type&quot;:&quot;flex&quot;,&quot;content_width&quot;:&quot;boxed&quot;}\" data-core-v316-plus=\"true\">\n\t\t\t\t\t<div class=\"e-con-inner\">\n\t\t\t\t<div class=\"elementor-element elementor-element-ebcebc4 elementor-widget__width-initial b-primary elementor-widget elementor-widget-text-editor\" data-id=\"ebcebc4\" data-element_type=\"widget\" data-widget_type=\"text-editor.default\">\n\t\t\t\t<div class=\"elementor-widget-container\">\n\t\t\t<style>\/*! elementor - v3.18.0 - 20-12-2023 *\/\n.elementor-widget-text-editor.elementor-drop-cap-view-stacked .elementor-drop-cap{background-color:#69727d;color:#fff}.elementor-widget-text-editor.elementor-drop-cap-view-framed .elementor-drop-cap{color:#69727d;border:3px solid;background-color:transparent}.elementor-widget-text-editor:not(.elementor-drop-cap-view-default) .elementor-drop-cap{margin-top:8px}.elementor-widget-text-editor:not(.elementor-drop-cap-view-default) .elementor-drop-cap-letter{width:1em;height:1em}.elementor-widget-text-editor .elementor-drop-cap{float:left;text-align:center;line-height:1;font-size:50px}.elementor-widget-text-editor .elementor-drop-cap-letter{display:inline-block}<\/style>\t\t\t\t<p><strong>Au cours de la soir\u00e9e organis\u00e9e le 8 d\u00e9cembre 2002 au Petit Journal Montparnasse \u00e0 Paris, L\u2019Acad\u00e9mie Du Jazz a d\u00e9cern\u00e9 ses prix pour l\u2019ann\u00e9e \u00e9coul\u00e9e\u00a0:<\/strong><\/p><p><strong>Le Prix Django Reinhardt<\/strong>\u00a0(musicien fran\u00e7ais de l\u2019ann\u00e9e)\u00a0: \u00e0\u00a0<strong>Bojan Zulfikarpasic<\/strong>, pianiste.<br class=\"autobr\" \/><i>&#8211; Finalistes<\/i>\u00a0:\u00a0<strong>Jacky Terrasson<\/strong>,\u00a0<strong>Stan Laferriere<\/strong>, et\u00a0<strong>Jean-Philippe Viret<\/strong>.<\/p><p><strong>Le prix Sidney Bechet<\/strong>\u00a0(musicien Fran\u00e7ais de l\u2019ann\u00e9e jouant dans le style traditionnel)\u00a0: \u00e0\u00a0<strong>Patrick Saussois<\/strong>, guitariste.<br class=\"autobr\" \/><i>&#8211; Finalistes<\/i>\u00a0:\u00a0<strong>Fran\u00e7ois Fournet<\/strong>\u00a0et\u00a0<strong>Jean-Luc Guiraud<\/strong>.<\/p><p><strong>Le Prix du meilleur disque de l\u2019ann\u00e9e<\/strong>\u00a0: \u00e0 l\u2019album \u2018<i>Footprints Live\u00a0!<\/i>\u2019, de\u00a0<strong>Wayne Shorter<\/strong>, (Verve\/Universal).<br class=\"autobr\" \/><i>&#8211; Finalistes<\/i>\u00a0:\u00a0<strong>Charles LLoyd<\/strong>, (\u2018<i>Lift Every Voice<\/i>\u2019, ECM\/Universal),\u00a0<strong>Vienna Art Orchestra<\/strong>, (\u2018<i>Art and Fun<\/i>\u2019, Emarcy\/Universal) .<\/p><p><strong>Le Prix Boris Vian<\/strong>\u00a0(meilleur disque de l\u2019ann\u00e9e enregistr\u00e9 par un musicien Fran\u00e7ais)\u00a0: \u00e0 l\u2019album \u2018<i>Sept Variations sur Lennie Tristano<\/i>\u2019, de\u00a0<strong>St\u00e9phane Oliva \/ Fran\u00e7ois Raulin<\/strong>\u00a0(Sketch\/Harmonia Mundi).<br class=\"autobr\" \/><i>&#8211; Finalistes<\/i>\u00a0:\u00a0<strong>Jacky Terrasson<\/strong>, (\u2018<i>Smile<\/i>\u2019, Blue Note\/E.M.I.), et\u00a0<strong>Fred Palem<\/strong>, (\u2018<i>Le Sacre Du Tympan<\/i>\u2019, Le Chant du Monde\/Harmonia Mundi).<\/p><p><strong>Le Prix Bobby Jaspar<\/strong>\u00a0(du musicien Europ\u00e9en r\u00e9compens\u00e9 pour l\u2019ensemble de son oeuvre)\u00a0: \u00e0\u00a0<strong>Albert Mangelsdorff<\/strong>, tromboniste.<br class=\"autobr\" \/><i>&#8211; Finalistes<\/i>\u00a0:\u00a0<strong>Esbj\u00f6rn Svensson<\/strong>\u00a0et\u00a0<strong>Gabor Gado<\/strong>.<\/p><p><strong>Le Prix Maurice Cullaz<\/strong>, de la Meilleure R\u00e9\u00e9dition ou du meilleur in\u00e9dit de l\u2019ann\u00e9e\u00a0: \u00e0 \u00e0\u00a0<strong>la collection \u2018Jazz In Paris\u2019<\/strong>, (Emarcy\/Universal).<br class=\"autobr\" \/><i>&#8211; Finalistes<\/i>\u00a0:\u00a0<strong>Artie Shaw<\/strong>, (\u2018<i>Self Portrait<\/i>\u2019, Blue Bird\/BMG),\u00a0<strong>John Coltrane<\/strong>, (\u2018<i>A Love Supreme, DeLuxe Edition<\/i>\u2019, Impulse\/Universal),\u00a0<strong>Stan Getz \/ Bob Brookmeyer<\/strong>, (\u2018<i>Recorded Fall 1961<\/i>\u2019, Verve\/Universal).<\/p><p><strong>Le Prix Fats Waller<\/strong>\u00a0(meilleur disque de jazz classique ou traditionnel)\u00a0: \u00e0 \u2018<strong>Louis Mazetier\/Peter Ecklund<\/strong>\u2019, pour l\u2019album \u2019<i>A Friendly Chat<\/i>\u2019, (Jazz Connaisseur).<br class=\"autobr\" \/><i>&#8211; Finalistes<\/i>\u00a0:\u00a0<strong>Michel Pastre Big Band<\/strong>, (\u2018<i>Diggin\u2019 the Count<\/i>\u2019, Djaz Record\/DAM),\u00a0<strong>Mississipi Jazz Band<\/strong>, (\u2018<i>Jazz Panorama<\/i>\u2019, Swingland \/ Jazztrade).<\/p><p><strong>Le Prix Mahalia Jackson<\/strong>, (meilleur disque de Gospel)\u00a0: \u00e0 l\u2019album \u2018<i>Gospel Time<\/i>\u2019, de\u00a0<strong>Carrie Smith<\/strong>, (Black &amp; Blue\/Night 1 Day).<br class=\"autobr\" \/><i>&#8211; Finalistes<\/i>\u00a0: \u2018<strong>Sisters and Divas, 1943-1951<\/strong>\u2019, (\u2018 Fr\u00e9meaux\/Night And Day),\u00a0<strong>Liz McComb<\/strong>, (\u2018<i>Spirit of New Orleans<\/i>\u2019, Back to the Blues\/E.M.I.).<\/p><p><strong>Le Prix Billie Holiday<\/strong>\u00a0(meilleure nouveaut\u00e9 ou r\u00e9\u00e9dition vocale)\u00a0: \u00e0\u00a0<strong>Ren\u00e9 Marie<\/strong>, pour l\u2019album \u2018<i>Vertigo<\/i>\u2019, (Max Jazz\/Next Music).<br class=\"autobr\" \/><i>&#8211; Finalistes<\/i>\u00a0:\u00a0<strong>Joni Mitchell<\/strong>, (\u2018<i>Travelogue<\/i>\u2019, Nonesuch\/Warner),<strong>\u00a0Cassandra Wilson<\/strong>, (\u2018<i>Belly of The Sun<\/i>\u2019, Blue Note\/E.M.I.).<\/p><p><strong>Le prix Big Bill Broonzy<\/strong>\u00a0du meilleur disque de blues \u00e0 l\u2019album \u2018<i>Fool Me Good<\/i>\u2019, de\u00a0<strong>Precious Bryant<\/strong>, (Terminus\/Socadisc).<br class=\"autobr\" \/><i>&#8211; Finalistes<\/i>\u00a0:\u00a0<strong>Joe Louis Walker<\/strong>, (\u2018<i>In The Morning<\/i>\u2019, Telarc\/Socadisc), et\u00a0<strong>Kenny \u2019Blues Boss\u2019 Wayne<\/strong>, (\u2018<i>Blues Carry Me Home<\/i>\u2019, Isabel\/Night And Day).<\/p><p><strong>Le prix Otis Redding<\/strong>\u00a0du meilleur disque de Rhythm &amp; Blues &#8211; Soul\u00a0: \u00e0 l\u2019album \u2018<i>Don\u2019t Give Up On Me<\/i>\u2019 de\u00a0<strong>Solomon Burke<\/strong>, (Fat Possum\/PIAS).<br class=\"autobr\" \/><i>&#8211; Finalistes<\/i>\u00a0:\u00a0<strong>Sam Moore<\/strong>, (\u2018<i>Plenty Good Lovin<\/i>\u2019, Swing Caf\u00e9\/PIAS), et\u00a0<strong>India Ari<\/strong>, (\u2018<i>Voyage To India<\/i>\u2019, Motown\/Universal).<\/p><p><strong>Le Prix Charles Delaunay<\/strong>\u00a0(du meilleur livre de l\u2019ann\u00e9e)\u00a0: au livre \u2018<i>LOUIE<\/i>\u2019, d\u2019<strong>Alain Gerber<\/strong>, (Fayard).<br class=\"autobr\" \/><i>&#8211; Finalistes<\/i>\u00a0:\u00a0<strong>Jacques Reda<\/strong>, (\u2018<i>Autobiographie du Jazz<\/i>\u2019, Climats), et\u00a0<strong>Denis Constant-Martin\/Olivier Roueff<\/strong>, (\u2018<i>La France du Jazz, Musique, Modernit\u00e9 et Identit\u00e9 dans la premi\u00e8re moiti\u00e9 du XX\u00e8me si\u00e8cle<\/i>\u2019, Parenth\u00e8ses).<\/p>\t\t\t\t\t\t<\/div>\n\t\t\t\t<\/div>\n\t\t\t\t\t<\/div>\n\t\t\t\t<\/div>\n\t\t\t\t\t\t\t<\/div>\n\t\t","protected":false},"featured_media":0,"template":"elementor_header_footer","class_list":["post-1722","palmares","type-palmares","status-publish","hentry"],"yoast_head":"<!-- This site is optimized with the Yoast SEO plugin v21.9.1 - https:\/\/yoast.com\/wordpress\/plugins\/seo\/ -->\n<title>Palmar\u00e8s 2002 - Acad\u00e9mie du Jazz<\/title>\n<meta name=\"robots\" content=\"index, follow, max-snippet:-1, max-image-preview:large, max-video-preview:-1\" \/>\n<link rel=\"canonical\" href=\"https:\/\/www.academiedujazz.com\/index.php\/palmares\/palmares-2002\/\" \/>\n<meta property=\"og:locale\" content=\"fr_FR\" \/>\n<meta property=\"og:type\" content=\"article\" \/>\n<meta property=\"og:title\" content=\"Palmar\u00e8s 2002 - Acad\u00e9mie du Jazz\" \/>\n<meta property=\"og:description\" content=\"Au cours de la soir\u00e9e organis\u00e9e le 8 d\u00e9cembre 2002 au Petit Journal Montparnasse \u00e0 Paris, L\u2019Acad\u00e9mie Du Jazz a d\u00e9cern\u00e9 ses prix pour l\u2019ann\u00e9e \u00e9coul\u00e9e\u00a0: Le Prix Django Reinhardt\u00a0(musicien fran\u00e7ais de l\u2019ann\u00e9e)\u00a0: \u00e0\u00a0Bojan Zulfikarpasic, pianiste.&#8211; Finalistes\u00a0:\u00a0Jacky Terrasson,\u00a0Stan Laferriere, et\u00a0Jean-Philippe Viret. Le prix Sidney Bechet\u00a0(musicien Fran\u00e7ais de l\u2019ann\u00e9e jouant dans le style traditionnel)\u00a0: \u00e0\u00a0Patrick Saussois, [&hellip;]\" \/>\n<meta property=\"og:url\" content=\"https:\/\/www.academiedujazz.com\/index.php\/palmares\/palmares-2002\/\" \/>\n<meta property=\"og:site_name\" content=\"Acad\u00e9mie du Jazz\" \/>\n<meta property=\"article:modified_time\" content=\"2024-01-19T21:04:03+00:00\" \/>\n<meta name=\"twitter:card\" content=\"summary_large_image\" \/>\n<meta name=\"twitter:label1\" content=\"Dur\u00e9e de lecture estim\u00e9e\" \/>\n\t<meta name=\"twitter:data1\" content=\"3 minutes\" \/>\n<script type=\"application\/ld+json\" class=\"yoast-schema-graph\">{\"@context\":\"https:\/\/schema.org\",\"@graph\":[{\"@type\":\"WebPage\",\"@id\":\"https:\/\/www.academiedujazz.com\/index.php\/palmares\/palmares-2002\/\",\"url\":\"https:\/\/www.academiedujazz.com\/index.php\/palmares\/palmares-2002\/\",\"name\":\"Palmar\u00e8s 2002 - Acad\u00e9mie du Jazz\",\"isPartOf\":{\"@id\":\"https:\/\/www.academiedujazz.com\/#website\"},\"datePublished\":\"2024-01-19T21:02:08+00:00\",\"dateModified\":\"2024-01-19T21:04:03+00:00\",\"breadcrumb\":{\"@id\":\"https:\/\/www.academiedujazz.com\/index.php\/palmares\/palmares-2002\/#breadcrumb\"},\"inLanguage\":\"fr-FR\",\"potentialAction\":[{\"@type\":\"ReadAction\",\"target\":[\"https:\/\/www.academiedujazz.com\/index.php\/palmares\/palmares-2002\/\"]}]},{\"@type\":\"BreadcrumbList\",\"@id\":\"https:\/\/www.academiedujazz.com\/index.php\/palmares\/palmares-2002\/#breadcrumb\",\"itemListElement\":[{\"@type\":\"ListItem\",\"position\":1,\"name\":\"Accueil\",\"item\":\"https:\/\/www.academiedujazz.com\/\"},{\"@type\":\"ListItem\",\"position\":2,\"name\":\"Palmar\u00e8s 2002\"}]},{\"@type\":\"WebSite\",\"@id\":\"https:\/\/www.academiedujazz.com\/#website\",\"url\":\"https:\/\/www.academiedujazz.com\/\",\"name\":\"Acad\u00e9mie du Jazz\",\"description\":\"\",\"publisher\":{\"@id\":\"https:\/\/www.academiedujazz.com\/#organization\"},\"potentialAction\":[{\"@type\":\"SearchAction\",\"target\":{\"@type\":\"EntryPoint\",\"urlTemplate\":\"https:\/\/www.academiedujazz.com\/?s={search_term_string}\"},\"query-input\":\"required name=search_term_string\"}],\"inLanguage\":\"fr-FR\"},{\"@type\":\"Organization\",\"@id\":\"https:\/\/www.academiedujazz.com\/#organization\",\"name\":\"Acad\u00e9mie du Jazz\",\"url\":\"https:\/\/www.academiedujazz.com\/\",\"logo\":{\"@type\":\"ImageObject\",\"inLanguage\":\"fr-FR\",\"@id\":\"https:\/\/www.academiedujazz.com\/#\/schema\/logo\/image\/\",\"url\":\"https:\/\/www.academiedujazz.com\/wp-content\/uploads\/2023\/11\/Logo-web_Academie-Du-Jazz_Fond-sombre.png\",\"contentUrl\":\"https:\/\/www.academiedujazz.com\/wp-content\/uploads\/2023\/11\/Logo-web_Academie-Du-Jazz_Fond-sombre.png\",\"width\":949,\"height\":800,\"caption\":\"Acad\u00e9mie du Jazz\"},\"image\":{\"@id\":\"https:\/\/www.academiedujazz.com\/#\/schema\/logo\/image\/\"}}]}<\/script>\n<!-- \/ Yoast SEO plugin. -->","yoast_head_json":{"title":"Palmar\u00e8s 2002 - Acad\u00e9mie du Jazz","robots":{"index":"index","follow":"follow","max-snippet":"max-snippet:-1","max-image-preview":"max-image-preview:large","max-video-preview":"max-video-preview:-1"},"canonical":"https:\/\/www.academiedujazz.com\/index.php\/palmares\/palmares-2002\/","og_locale":"fr_FR","og_type":"article","og_title":"Palmar\u00e8s 2002 - Acad\u00e9mie du Jazz","og_description":"Au cours de la soir\u00e9e organis\u00e9e le 8 d\u00e9cembre 2002 au Petit Journal Montparnasse \u00e0 Paris, L\u2019Acad\u00e9mie Du Jazz a d\u00e9cern\u00e9 ses prix pour l\u2019ann\u00e9e \u00e9coul\u00e9e\u00a0: Le Prix Django Reinhardt\u00a0(musicien fran\u00e7ais de l\u2019ann\u00e9e)\u00a0: \u00e0\u00a0Bojan Zulfikarpasic, pianiste.&#8211; Finalistes\u00a0:\u00a0Jacky Terrasson,\u00a0Stan Laferriere, et\u00a0Jean-Philippe Viret. Le prix Sidney Bechet\u00a0(musicien Fran\u00e7ais de l\u2019ann\u00e9e jouant dans le style traditionnel)\u00a0: \u00e0\u00a0Patrick Saussois, [&hellip;]","og_url":"https:\/\/www.academiedujazz.com\/index.php\/palmares\/palmares-2002\/","og_site_name":"Acad\u00e9mie du Jazz","article_modified_time":"2024-01-19T21:04:03+00:00","twitter_card":"summary_large_image","twitter_misc":{"Dur\u00e9e de lecture estim\u00e9e":"3 minutes"},"schema":{"@context":"https:\/\/schema.org","@graph":[{"@type":"WebPage","@id":"https:\/\/www.academiedujazz.com\/index.php\/palmares\/palmares-2002\/","url":"https:\/\/www.academiedujazz.com\/index.php\/palmares\/palmares-2002\/","name":"Palmar\u00e8s 2002 - Acad\u00e9mie du Jazz","isPartOf":{"@id":"https:\/\/www.academiedujazz.com\/#website"},"datePublished":"2024-01-19T21:02:08+00:00","dateModified":"2024-01-19T21:04:03+00:00","breadcrumb":{"@id":"https:\/\/www.academiedujazz.com\/index.php\/palmares\/palmares-2002\/#breadcrumb"},"inLanguage":"fr-FR","potentialAction":[{"@type":"ReadAction","target":["https:\/\/www.academiedujazz.com\/index.php\/palmares\/palmares-2002\/"]}]},{"@type":"BreadcrumbList","@id":"https:\/\/www.academiedujazz.com\/index.php\/palmares\/palmares-2002\/#breadcrumb","itemListElement":[{"@type":"ListItem","position":1,"name":"Accueil","item":"https:\/\/www.academiedujazz.com\/"},{"@type":"ListItem","position":2,"name":"Palmar\u00e8s 2002"}]},{"@type":"WebSite","@id":"https:\/\/www.academiedujazz.com\/#website","url":"https:\/\/www.academiedujazz.com\/","name":"Acad\u00e9mie du Jazz","description":"","publisher":{"@id":"https:\/\/www.academiedujazz.com\/#organization"},"potentialAction":[{"@type":"SearchAction","target":{"@type":"EntryPoint","urlTemplate":"https:\/\/www.academiedujazz.com\/?s={search_term_string}"},"query-input":"required name=search_term_string"}],"inLanguage":"fr-FR"},{"@type":"Organization","@id":"https:\/\/www.academiedujazz.com\/#organization","name":"Acad\u00e9mie du Jazz","url":"https:\/\/www.academiedujazz.com\/","logo":{"@type":"ImageObject","inLanguage":"fr-FR","@id":"https:\/\/www.academiedujazz.com\/#\/schema\/logo\/image\/","url":"https:\/\/www.academiedujazz.com\/wp-content\/uploads\/2023\/11\/Logo-web_Academie-Du-Jazz_Fond-sombre.png","contentUrl":"https:\/\/www.academiedujazz.com\/wp-content\/uploads\/2023\/11\/Logo-web_Academie-Du-Jazz_Fond-sombre.png","width":949,"height":800,"caption":"Acad\u00e9mie du Jazz"},"image":{"@id":"https:\/\/www.academiedujazz.com\/#\/schema\/logo\/image\/"}}]}},"_links":{"self":[{"href":"https:\/\/www.academiedujazz.com\/index.php\/wp-json\/wp\/v2\/palmares\/1722","targetHints":{"allow":["GET"]}}],"collection":[{"href":"https:\/\/www.academiedujazz.com\/index.php\/wp-json\/wp\/v2\/palmares"}],"about":[{"href":"https:\/\/www.academiedujazz.com\/index.php\/wp-json\/wp\/v2\/types\/palmares"}],"version-history":[{"count":4,"href":"https:\/\/www.academiedujazz.com\/index.php\/wp-json\/wp\/v2\/palmares\/1722\/revisions"}],"predecessor-version":[{"id":1731,"href":"https:\/\/www.academiedujazz.com\/index.php\/wp-json\/wp\/v2\/palmares\/1722\/revisions\/1731"}],"wp:attachment":[{"href":"https:\/\/www.academiedujazz.com\/index.php\/wp-json\/wp\/v2\/media?parent=1722"}],"curies":[{"name":"wp","href":"https:\/\/api.w.org\/{rel}","templated":true}]}}