{"id":1681,"date":"2024-01-19T21:51:05","date_gmt":"2024-01-19T20:51:05","guid":{"rendered":"https:\/\/www.academiedujazz.com\/?post_type=palmares&#038;p=1681"},"modified":"2024-01-19T21:54:26","modified_gmt":"2024-01-19T20:54:26","slug":"palmares-2009","status":"publish","type":"palmares","link":"https:\/\/www.academiedujazz.com\/index.php\/palmares\/palmares-2009\/","title":{"rendered":"Palmar\u00e8s 2009"},"content":{"rendered":"\t\t<div data-elementor-type=\"wp-post\" data-elementor-id=\"1681\" class=\"elementor elementor-1681\" data-elementor-post-type=\"palmares\">\n\t\t\t\t\t\t\t<div class=\"elementor-element elementor-element-b66b883 e-flex e-con-boxed e-con e-parent\" data-id=\"b66b883\" data-element_type=\"container\" data-settings=\"{&quot;background_background&quot;:&quot;classic&quot;,&quot;container_type&quot;:&quot;flex&quot;,&quot;content_width&quot;:&quot;boxed&quot;}\" data-core-v316-plus=\"true\">\n\t\t\t\t\t<div class=\"e-con-inner\">\n\t\t\t\t<div class=\"elementor-element elementor-element-ebcebc4 elementor-widget__width-initial b-primary elementor-widget elementor-widget-text-editor\" data-id=\"ebcebc4\" data-element_type=\"widget\" data-widget_type=\"text-editor.default\">\n\t\t\t\t<div class=\"elementor-widget-container\">\n\t\t\t<style>\/*! elementor - v3.18.0 - 20-12-2023 *\/\n.elementor-widget-text-editor.elementor-drop-cap-view-stacked .elementor-drop-cap{background-color:#69727d;color:#fff}.elementor-widget-text-editor.elementor-drop-cap-view-framed .elementor-drop-cap{color:#69727d;border:3px solid;background-color:transparent}.elementor-widget-text-editor:not(.elementor-drop-cap-view-default) .elementor-drop-cap{margin-top:8px}.elementor-widget-text-editor:not(.elementor-drop-cap-view-default) .elementor-drop-cap-letter{width:1em;height:1em}.elementor-widget-text-editor .elementor-drop-cap{float:left;text-align:center;line-height:1;font-size:50px}.elementor-widget-text-editor .elementor-drop-cap-letter{display:inline-block}<\/style>\t\t\t\t<p><strong>Prix Django Reinhardt<\/strong>\u00a0(musicien fran\u00e7ais de l\u2019ann\u00e9e)\u00a0:\u00a0<strong>St\u00e9phane Guillaume<\/strong>, saxophoniste.<br class=\"autobr\" \/><i>&#8211; Finalistes<\/i>\u00a0:\u00a0<strong>Matthieu Donarier, Sylvain Luc, Fabien Mary, Daniel Mille<\/strong>.<\/p><p><strong>Grand Prix de l\u2019Acad\u00e9mie du Jazz<\/strong>\u00a0(meilleur disque de l\u2019ann\u00e9e)\u00a0:\u00a0<strong>Allen Toussaint<\/strong>\u00a0pour l\u2019album \u2019<i>The Bright Mississippi<\/i>\u2019 (Nonesuch\/Warner).<br class=\"autobr\" \/><i>&#8211; Finalistes<\/i>\u00a0:\u00a0<strong>Eddie Daniels &amp; Roger Kellaway\u00a0<\/strong>, pour \u2019A\u00a0<i>Duet of One<\/i>\u2019 (ipo), et\u00a0<strong>Vijay Iyer<\/strong>, pour \u2019<i>Historicity<\/i>\u2019 (ACT\/Harmonia Mundi).<\/p><p><strong>Prix du Disque Fran\u00e7ais<\/strong>\u00a0(meilleur disque enregistr\u00e9 par un musicien fran\u00e7ais)\u00a0:.<strong>St\u00e9phane Guillaume<\/strong>, pour l\u2019album \u2019<i>Windmills Chronicles<\/i>\u2019 (Gemini\/Sphinx).<br class=\"autobr\" \/><i>&#8211; Finalistes<\/i>\u00a0:\u00a0<strong>Matthieu Donarier<\/strong>, pour \u2019<i>Live Forms<\/i>\u2019 (Yolk), et\u00a0<strong>DPZ<\/strong>, pour \u2019<i>He\u2019s Looking At You<\/i>\u2019 (Kid E-Motive).<\/p><p><strong>Prix du Musicien Europ\u00e9en<\/strong>\u00a0:\u00a0<strong>Laurent Blondiau<\/strong>.<br class=\"autobr\" \/><i>&#8211; Finalistes<\/i>\u00a0:\u00a0<strong>Francesco Bearzatti, Franco D\u2019Andrea<\/strong>.<\/p><p><strong>Prix de la Meilleure R\u00e9\u00e9dition ou du Meilleur In\u00e9dit<\/strong>\u00a0:\u00a0<strong>Stan Getz \u2013 Kenny Barron<\/strong>, pour \u2019<i>People Time, The Complete Recordings<\/i>\u2019 (EmArcy\/Universal).<br class=\"autobr\" \/><i>&#8211; Finalistes<\/i>\u00a0:\u00a0<strong>Eddy Louiss<\/strong>, pour \u2019<i>D\u2019un jour \u00e0 l\u2019autre<\/i>\u2019 (Tempo 111), et\u00a0<strong>Oscar Peterson<\/strong>, pour \u2019<i>Debut\u00a0: The Clef\/Mercury Duo Recordings 1949-1951<\/i>\u2019 (Verve\/Universal).<\/p><p><strong>Prix du Jazz Classique<\/strong>\u00a0:\u00a0<strong>Paris Swing Orchestra &amp; Andr\u00e9 Villeger<\/strong>, pour l\u2019album \u2019<i>Swingin\u2019 Sidney Bechet<\/i>\u2019 (Black &amp; Blue).<br class=\"autobr\" \/><i>&#8211; Finalistes<\/i>\u00a0:\u00a0<strong>New York Trio<\/strong>, pour \u2019<i>Always<\/i>\u2019 (Venus), et\u00a0<strong>Bireli Lagr\u00e8ne<\/strong>, pour \u2019<i>Gipsy Trio<\/i>\u2019 (Dreyfus \/ Sony).<\/p><p><strong>Prix du Jazz Vocal<\/strong>\u00a0:\u00a0<strong>Roberta Gambarini<\/strong>, pour l\u2019album \u2019<i>So in Love<\/i>\u2019 (EmArcy \/ Universal).<br class=\"autobr\" \/><i>&#8211; Finalistes<\/i>\u00a0:\u00a0<strong>Denise Donatelli<\/strong>, pour \u2019<i>What Lies Within<\/i>\u2019 (Savant Records\/DOM), et\u00a0<strong>Gretchen Parlato<\/strong>, pour \u2019<i>In a Dream<\/i>\u2019 (ObliqSound \/ Musicast).<\/p><p><strong>Prix Soul<\/strong>\u00a0:\u00a0<strong>Candi Staton<\/strong>, pour l\u2019album \u2019<i>Who\u2019s Hurting Now<\/i>\u2019 (Honest Jons\/EMI).<br class=\"autobr\" \/><i>&#8211; Finalistes<\/i>\u00a0:\u00a0<strong>Naomi Shelton &amp; The Gospel Queens<\/strong>, pour \u2019<i>What Have You Done My Brother<\/i>\u2019 (Daptone\/Differ-Ant), et\u00a0<strong>Charles Wilson<\/strong>, pour \u2019<i>Troubled Child<\/i>\u2019 (Severn \/ www.severnrecords. Com).<\/p><p><strong>Prix Blues<\/strong>\u00a0:\u00a0<strong>Billy Boy Arnold &#8211; John Primer &#8211; Billy Branch &#8211; Lurrie Bell<\/strong>, pour l\u2019album \u2019<i>Chicago Blues\u00a0: A Living History<\/i>\u2019 (Raisin\/Socadisc).<br class=\"autobr\" \/><i>&#8211; Finalistes<\/i>\u00a0:\u00a0<strong>Shemekia Copeland<\/strong>, pour \u2019<i>Never Going Back<\/i>\u2019 (Telarc \/ Socadisc), et\u00a0<strong>Quintus McCormick<\/strong>, pour \u2019<i>Hey Jodie<\/i>\u2019 (Delmark\/Socadisc).<\/p><p><strong>Prix du livre de Jazz<\/strong>\u00a0:\u00a0<strong>Ex-aequo\u00a0: Laurent Cugny<\/strong>, pour \u2019<i>Analyser le jazz<\/i>\u2019 (Outre Mesure), et\u00a0<strong>G\u00e9rard R\u00e9gnier<\/strong>, pour \u2019<i>Jazz et soci\u00e9t\u00e9 sous l\u2019Occupation<\/i>\u2019 (L\u2019Harmattan).<\/p>\t\t\t\t\t\t<\/div>\n\t\t\t\t<\/div>\n\t\t\t\t\t<\/div>\n\t\t\t\t<\/div>\n\t\t\t\t\t\t\t<\/div>\n\t\t","protected":false},"featured_media":0,"template":"elementor_header_footer","class_list":["post-1681","palmares","type-palmares","status-publish","hentry"],"yoast_head":"<!-- This site is optimized with the Yoast SEO plugin v21.9.1 - https:\/\/yoast.com\/wordpress\/plugins\/seo\/ -->\n<title>Palmar\u00e8s 2009 - Acad\u00e9mie du Jazz<\/title>\n<meta name=\"robots\" content=\"index, follow, max-snippet:-1, max-image-preview:large, max-video-preview:-1\" \/>\n<link rel=\"canonical\" href=\"https:\/\/www.academiedujazz.com\/index.php\/palmares\/palmares-2009\/\" \/>\n<meta property=\"og:locale\" content=\"fr_FR\" \/>\n<meta property=\"og:type\" content=\"article\" \/>\n<meta property=\"og:title\" content=\"Palmar\u00e8s 2009 - Acad\u00e9mie du Jazz\" \/>\n<meta property=\"og:description\" content=\"Prix Django Reinhardt\u00a0(musicien fran\u00e7ais de l\u2019ann\u00e9e)\u00a0:\u00a0St\u00e9phane Guillaume, saxophoniste.&#8211; Finalistes\u00a0:\u00a0Matthieu Donarier, Sylvain Luc, Fabien Mary, Daniel Mille. Grand Prix de l\u2019Acad\u00e9mie du Jazz\u00a0(meilleur disque de l\u2019ann\u00e9e)\u00a0:\u00a0Allen Toussaint\u00a0pour l\u2019album \u2019The Bright Mississippi\u2019 (Nonesuch\/Warner).&#8211; Finalistes\u00a0:\u00a0Eddie Daniels &amp; Roger Kellaway\u00a0, pour \u2019A\u00a0Duet of One\u2019 (ipo), et\u00a0Vijay Iyer, pour \u2019Historicity\u2019 (ACT\/Harmonia Mundi). Prix du Disque Fran\u00e7ais\u00a0(meilleur disque enregistr\u00e9 par un [&hellip;]\" \/>\n<meta property=\"og:url\" content=\"https:\/\/www.academiedujazz.com\/index.php\/palmares\/palmares-2009\/\" \/>\n<meta property=\"og:site_name\" content=\"Acad\u00e9mie du Jazz\" \/>\n<meta property=\"article:modified_time\" content=\"2024-01-19T20:54:26+00:00\" \/>\n<meta name=\"twitter:card\" content=\"summary_large_image\" \/>\n<meta name=\"twitter:label1\" content=\"Dur\u00e9e de lecture estim\u00e9e\" \/>\n\t<meta name=\"twitter:data1\" content=\"2 minutes\" \/>\n<script type=\"application\/ld+json\" class=\"yoast-schema-graph\">{\"@context\":\"https:\/\/schema.org\",\"@graph\":[{\"@type\":\"WebPage\",\"@id\":\"https:\/\/www.academiedujazz.com\/index.php\/palmares\/palmares-2009\/\",\"url\":\"https:\/\/www.academiedujazz.com\/index.php\/palmares\/palmares-2009\/\",\"name\":\"Palmar\u00e8s 2009 - Acad\u00e9mie du Jazz\",\"isPartOf\":{\"@id\":\"https:\/\/www.academiedujazz.com\/#website\"},\"datePublished\":\"2024-01-19T20:51:05+00:00\",\"dateModified\":\"2024-01-19T20:54:26+00:00\",\"breadcrumb\":{\"@id\":\"https:\/\/www.academiedujazz.com\/index.php\/palmares\/palmares-2009\/#breadcrumb\"},\"inLanguage\":\"fr-FR\",\"potentialAction\":[{\"@type\":\"ReadAction\",\"target\":[\"https:\/\/www.academiedujazz.com\/index.php\/palmares\/palmares-2009\/\"]}]},{\"@type\":\"BreadcrumbList\",\"@id\":\"https:\/\/www.academiedujazz.com\/index.php\/palmares\/palmares-2009\/#breadcrumb\",\"itemListElement\":[{\"@type\":\"ListItem\",\"position\":1,\"name\":\"Accueil\",\"item\":\"https:\/\/www.academiedujazz.com\/\"},{\"@type\":\"ListItem\",\"position\":2,\"name\":\"Palmar\u00e8s 2009\"}]},{\"@type\":\"WebSite\",\"@id\":\"https:\/\/www.academiedujazz.com\/#website\",\"url\":\"https:\/\/www.academiedujazz.com\/\",\"name\":\"Acad\u00e9mie du Jazz\",\"description\":\"\",\"publisher\":{\"@id\":\"https:\/\/www.academiedujazz.com\/#organization\"},\"potentialAction\":[{\"@type\":\"SearchAction\",\"target\":{\"@type\":\"EntryPoint\",\"urlTemplate\":\"https:\/\/www.academiedujazz.com\/?s={search_term_string}\"},\"query-input\":\"required name=search_term_string\"}],\"inLanguage\":\"fr-FR\"},{\"@type\":\"Organization\",\"@id\":\"https:\/\/www.academiedujazz.com\/#organization\",\"name\":\"Acad\u00e9mie du Jazz\",\"url\":\"https:\/\/www.academiedujazz.com\/\",\"logo\":{\"@type\":\"ImageObject\",\"inLanguage\":\"fr-FR\",\"@id\":\"https:\/\/www.academiedujazz.com\/#\/schema\/logo\/image\/\",\"url\":\"https:\/\/www.academiedujazz.com\/wp-content\/uploads\/2023\/11\/Logo-web_Academie-Du-Jazz_Fond-sombre.png\",\"contentUrl\":\"https:\/\/www.academiedujazz.com\/wp-content\/uploads\/2023\/11\/Logo-web_Academie-Du-Jazz_Fond-sombre.png\",\"width\":949,\"height\":800,\"caption\":\"Acad\u00e9mie du Jazz\"},\"image\":{\"@id\":\"https:\/\/www.academiedujazz.com\/#\/schema\/logo\/image\/\"}}]}<\/script>\n<!-- \/ Yoast SEO plugin. -->","yoast_head_json":{"title":"Palmar\u00e8s 2009 - Acad\u00e9mie du Jazz","robots":{"index":"index","follow":"follow","max-snippet":"max-snippet:-1","max-image-preview":"max-image-preview:large","max-video-preview":"max-video-preview:-1"},"canonical":"https:\/\/www.academiedujazz.com\/index.php\/palmares\/palmares-2009\/","og_locale":"fr_FR","og_type":"article","og_title":"Palmar\u00e8s 2009 - Acad\u00e9mie du Jazz","og_description":"Prix Django Reinhardt\u00a0(musicien fran\u00e7ais de l\u2019ann\u00e9e)\u00a0:\u00a0St\u00e9phane Guillaume, saxophoniste.&#8211; Finalistes\u00a0:\u00a0Matthieu Donarier, Sylvain Luc, Fabien Mary, Daniel Mille. Grand Prix de l\u2019Acad\u00e9mie du Jazz\u00a0(meilleur disque de l\u2019ann\u00e9e)\u00a0:\u00a0Allen Toussaint\u00a0pour l\u2019album \u2019The Bright Mississippi\u2019 (Nonesuch\/Warner).&#8211; Finalistes\u00a0:\u00a0Eddie Daniels &amp; Roger Kellaway\u00a0, pour \u2019A\u00a0Duet of One\u2019 (ipo), et\u00a0Vijay Iyer, pour \u2019Historicity\u2019 (ACT\/Harmonia Mundi). Prix du Disque Fran\u00e7ais\u00a0(meilleur disque enregistr\u00e9 par un [&hellip;]","og_url":"https:\/\/www.academiedujazz.com\/index.php\/palmares\/palmares-2009\/","og_site_name":"Acad\u00e9mie du Jazz","article_modified_time":"2024-01-19T20:54:26+00:00","twitter_card":"summary_large_image","twitter_misc":{"Dur\u00e9e de lecture estim\u00e9e":"2 minutes"},"schema":{"@context":"https:\/\/schema.org","@graph":[{"@type":"WebPage","@id":"https:\/\/www.academiedujazz.com\/index.php\/palmares\/palmares-2009\/","url":"https:\/\/www.academiedujazz.com\/index.php\/palmares\/palmares-2009\/","name":"Palmar\u00e8s 2009 - Acad\u00e9mie du Jazz","isPartOf":{"@id":"https:\/\/www.academiedujazz.com\/#website"},"datePublished":"2024-01-19T20:51:05+00:00","dateModified":"2024-01-19T20:54:26+00:00","breadcrumb":{"@id":"https:\/\/www.academiedujazz.com\/index.php\/palmares\/palmares-2009\/#breadcrumb"},"inLanguage":"fr-FR","potentialAction":[{"@type":"ReadAction","target":["https:\/\/www.academiedujazz.com\/index.php\/palmares\/palmares-2009\/"]}]},{"@type":"BreadcrumbList","@id":"https:\/\/www.academiedujazz.com\/index.php\/palmares\/palmares-2009\/#breadcrumb","itemListElement":[{"@type":"ListItem","position":1,"name":"Accueil","item":"https:\/\/www.academiedujazz.com\/"},{"@type":"ListItem","position":2,"name":"Palmar\u00e8s 2009"}]},{"@type":"WebSite","@id":"https:\/\/www.academiedujazz.com\/#website","url":"https:\/\/www.academiedujazz.com\/","name":"Acad\u00e9mie du Jazz","description":"","publisher":{"@id":"https:\/\/www.academiedujazz.com\/#organization"},"potentialAction":[{"@type":"SearchAction","target":{"@type":"EntryPoint","urlTemplate":"https:\/\/www.academiedujazz.com\/?s={search_term_string}"},"query-input":"required name=search_term_string"}],"inLanguage":"fr-FR"},{"@type":"Organization","@id":"https:\/\/www.academiedujazz.com\/#organization","name":"Acad\u00e9mie du Jazz","url":"https:\/\/www.academiedujazz.com\/","logo":{"@type":"ImageObject","inLanguage":"fr-FR","@id":"https:\/\/www.academiedujazz.com\/#\/schema\/logo\/image\/","url":"https:\/\/www.academiedujazz.com\/wp-content\/uploads\/2023\/11\/Logo-web_Academie-Du-Jazz_Fond-sombre.png","contentUrl":"https:\/\/www.academiedujazz.com\/wp-content\/uploads\/2023\/11\/Logo-web_Academie-Du-Jazz_Fond-sombre.png","width":949,"height":800,"caption":"Acad\u00e9mie du Jazz"},"image":{"@id":"https:\/\/www.academiedujazz.com\/#\/schema\/logo\/image\/"}}]}},"_links":{"self":[{"href":"https:\/\/www.academiedujazz.com\/index.php\/wp-json\/wp\/v2\/palmares\/1681","targetHints":{"allow":["GET"]}}],"collection":[{"href":"https:\/\/www.academiedujazz.com\/index.php\/wp-json\/wp\/v2\/palmares"}],"about":[{"href":"https:\/\/www.academiedujazz.com\/index.php\/wp-json\/wp\/v2\/types\/palmares"}],"version-history":[{"count":4,"href":"https:\/\/www.academiedujazz.com\/index.php\/wp-json\/wp\/v2\/palmares\/1681\/revisions"}],"predecessor-version":[{"id":1691,"href":"https:\/\/www.academiedujazz.com\/index.php\/wp-json\/wp\/v2\/palmares\/1681\/revisions\/1691"}],"wp:attachment":[{"href":"https:\/\/www.academiedujazz.com\/index.php\/wp-json\/wp\/v2\/media?parent=1681"}],"curies":[{"name":"wp","href":"https:\/\/api.w.org\/{rel}","templated":true}]}}