{"id":1666,"date":"2024-01-19T21:48:40","date_gmt":"2024-01-19T20:48:40","guid":{"rendered":"https:\/\/www.academiedujazz.com\/?post_type=palmares&#038;p=1666"},"modified":"2024-01-19T21:49:18","modified_gmt":"2024-01-19T20:49:18","slug":"palmares-2012","status":"publish","type":"palmares","link":"https:\/\/www.academiedujazz.com\/index.php\/palmares\/palmares-2012\/","title":{"rendered":"Palmar\u00e8s 2012"},"content":{"rendered":"\t\t<div data-elementor-type=\"wp-post\" data-elementor-id=\"1666\" class=\"elementor elementor-1666\" data-elementor-post-type=\"palmares\">\n\t\t\t\t\t\t\t<div class=\"elementor-element elementor-element-b66b883 e-flex e-con-boxed e-con e-parent\" data-id=\"b66b883\" data-element_type=\"container\" data-settings=\"{&quot;background_background&quot;:&quot;classic&quot;,&quot;container_type&quot;:&quot;flex&quot;,&quot;content_width&quot;:&quot;boxed&quot;}\" data-core-v316-plus=\"true\">\n\t\t\t\t\t<div class=\"e-con-inner\">\n\t\t\t\t<div class=\"elementor-element elementor-element-ebcebc4 elementor-widget__width-initial b-primary elementor-widget elementor-widget-text-editor\" data-id=\"ebcebc4\" data-element_type=\"widget\" data-widget_type=\"text-editor.default\">\n\t\t\t\t<div class=\"elementor-widget-container\">\n\t\t\t<style>\/*! elementor - v3.18.0 - 20-12-2023 *\/\n.elementor-widget-text-editor.elementor-drop-cap-view-stacked .elementor-drop-cap{background-color:#69727d;color:#fff}.elementor-widget-text-editor.elementor-drop-cap-view-framed .elementor-drop-cap{color:#69727d;border:3px solid;background-color:transparent}.elementor-widget-text-editor:not(.elementor-drop-cap-view-default) .elementor-drop-cap{margin-top:8px}.elementor-widget-text-editor:not(.elementor-drop-cap-view-default) .elementor-drop-cap-letter{width:1em;height:1em}.elementor-widget-text-editor .elementor-drop-cap{float:left;text-align:center;line-height:1;font-size:50px}.elementor-widget-text-editor .elementor-drop-cap-letter{display:inline-block}<\/style>\t\t\t\t<p><strong>Prix Django Reinhardt<\/strong>\u00a0(musicien fran\u00e7ais de l\u2019ann\u00e9e)\u00a0:\u00a0<strong>\u00c9mile PARISIEN<\/strong>, saxophoniste.<br class=\"autobr\" \/><i>&#8211; Finalistes<\/i>\u00a0:\u00a0<strong>Baptiste Herbin, St\u00e9phane Kerecki.<\/strong><\/p><p><strong>Grand Prix de l\u2019Acad\u00e9mie du Jazz<\/strong>\u00a0(meilleur disque de l\u2019ann\u00e9e)\u00a0:\u00a0<strong>Brad MEHLDAU<\/strong>, pour l\u2019album \u2019<i>Where Do You Start\u00a0?<\/i>\u2019 (Nonesuch\/Warner).<br class=\"autobr\" \/><i>&#8211; Finalistes<\/i>\u00a0:\u00a0<strong>Fly<\/strong>, pour \u2019<i>Year of the Snake<\/i>\u2019 (ECM\/Universal), et\u00a0<strong>Aaron Goldberg \/ Ali Jackson \/ Omer Avital<\/strong>, pour \u2019<i>Yes\u00a0!<\/i>\u2019 (Sunnyside\/Na\u00efve).<\/p><p><strong>Prix du Disque Fran\u00e7ais<\/strong>\u00a0(meilleur disque enregistr\u00e9 par un musicien fran\u00e7ais)\u00a0:\u00a0<strong>Pierrick PEDRON<\/strong>, pour l\u2019album \u2019<i>Kubic\u2019s Monk<\/i>\u2019 (ACT\/Harmonia Mundi).<br class=\"autobr\" \/><i>&#8211; Finalistes<\/i>\u00a0:\u00a0<strong>Jean-Paul Celea<\/strong>, pour \u2019<i>Yes Ornette\u00a0!<\/i>\u2019 (Out Note\/Harmonia Mundi),\u00a0<strong>Jacky Terrasson<\/strong>, pour \u2019<i>Gouache<\/i>\u2019 (Universal Jazz France \/ Universal),\u00a0<strong>Philippe Le Baraillec<\/strong>, pour \u2019<i>Involved<\/i>\u2019 (Out Note\/Harmonia Mundi), et\u00a0<strong>Nicolas Folmer &amp; Daniel Humair Project<\/strong>, pour \u2019<i>Lights<\/i>\u2019 (Cristal \/ Harmonia Mundi).<\/p><p><strong>Prix du Musicien Europ\u00e9en\u00a0<\/strong>(r\u00e9compens\u00e9 pour son \u0153uvre ou son actualit\u00e9 r\u00e9cente)\u00a0:\u00a0<strong>Jorge PARDO<\/strong>.<br class=\"autobr\" \/><i>&#8211; Finalistes<\/i>\u00a0:\u00a0<strong>George Gruntz<\/strong>\u00a0et\u00a0<strong>Michael Wollny<\/strong>.<\/p><p><strong>Prix de la Meilleure R\u00e9\u00e9dition ou du Meilleur In\u00e9dit<\/strong>\u00a0:\u00a0<strong>FRESH SOUND RECORDS<\/strong>\u00a0pour l\u2019ensemble de ses r\u00e9\u00e9ditions.<br class=\"autobr\" \/><i>&#8211; Finalistes<\/i>\u00a0:\u00a0<strong>Bernard Peiffer<\/strong>, pour \u2019<i>Improvisation<\/i>\u2019 (Jazz in Paris\/Universal), et\u00a0<strong>Wes Montgomery<\/strong>, pour \u2019<i>Echoes of Indiana Avenue<\/i>\u2019 (Resonance\/Codaex).<\/p><p><strong>Prix du Jazz Classique<\/strong>\u00a0:\u00a0<strong>Aaron DIEHL<\/strong>,, pour l\u2019album \u2019<i>Live At The Players<\/i>\u2019 (CD Baby).<br class=\"autobr\" \/><i>&#8211; Finalistes<\/i>\u00a0:\u00a0<strong>J\u00e9r\u00f4me Etcheberry\u00a0<\/strong>, pour \u2019<i>Swingberries<\/i>\u2019 (Autoproduction), et\u00a0<strong>Laurent Mignard Duke Orchestra<\/strong>, pour \u2019<i>Ellington French Touch<\/i>\u2019 (Juste une Trace\/Sony Music).<\/p><p><strong>Prix du Jazz Vocal\u00a0<\/strong>\u00a0:\u00a0<strong>Catherine RUSSELL<\/strong>, pour l\u2019album \u2019<i>Strictly Romancin\u2019<\/i>\u2019 (World Village \/ Harmonia Mundi).<br class=\"autobr\" \/><i>&#8211; Finalistes<\/i>\u00a0:\u00a0<strong>Virginie Teychen\u00e9\u00a0<\/strong>, pour \u2019<i>Bright and Sweet<\/i>\u2019 (World Village\/Harmonia Mundi), et\u00a0<strong>Kurt Elling\u00a0<\/strong>, pour \u2019<i>1619 Broadway<\/i>\u2019 (Concord \/ Universal).<\/p><p><strong>Prix Soul<\/strong>\u00a0:\u00a0<strong>Bettye LAVETTE<\/strong>, pour l\u2019album \u2019<i>Thankful N\u2019 Thoughtful<\/i>\u2019 (Anti \/ PIAS).<br class=\"autobr\" \/><i>&#8211; Finalistes<\/i>\u00a0:\u00a0<strong>Robin McKelle<\/strong>, pour \u2019<i>Soul Flower<\/i>\u2019 (Doxie\/Sony Music), et\u00a0<strong>Lee Fields<\/strong>, pour \u2019<i>Faithfull Man<\/i>\u2019 (Truth &amp; Soul\/Differ-Ant).<\/p><p><strong>Prix Blues<\/strong>\u00a0:\u00a0<strong>Lurrie BELL\u00a0<\/strong>, pour l\u2019album \u2019<i>The Devil Ain\u2019t Got No Music<\/i>\u2019 (Aria B.G.\/Socadisc).<br class=\"autobr\" \/><i>&#8211; Finalistes<\/i>\u00a0:\u00a0<strong>John Primer<\/strong>, pour \u2019<i>Blues on Solid Ground<\/i>\u2019 (Blues House), et\u00a0<strong>Shemekia Copeland<\/strong>, pour \u2019<i>33 1\/3<\/i>\u2019 (Telarc\/Universal).<\/p><p><strong>Prix du livre de Jazz<\/strong>\u00a0:\u00a0<strong>Alain GERBER<\/strong>, pour \u2019<i>Petit Dictionnaire incomplet des incompris<\/i>\u2019 (\u00c9ditions Alter ego).<br class=\"autobr\" \/><i>&#8211; Finalistes<\/i>\u00a0:\u00a0<strong>Franck Bergerot<\/strong>, pour \u2019<i>Miles de A \u00e0 Z<\/i>\u2019 (Le Castor Astral),\u00a0<strong>Xavier Daverat<\/strong>, pour \u2019<i>Tombeau de John Coltrane<\/i>\u2019 (\u00c9ditions Parenth\u00e8ses), et, sous la direction de\u00a0<strong>Vincent Bessi\u00e8res<\/strong>, texte de\u00a0<strong>Michael Dregni<\/strong>\u00a0: \u2019<i>Django Reinhardt Swing de Paris<\/i>\u2019 (Textuel\/Cit\u00e9 de la Musique).<\/p>\t\t\t\t\t\t<\/div>\n\t\t\t\t<\/div>\n\t\t\t\t\t<\/div>\n\t\t\t\t<\/div>\n\t\t\t\t\t\t\t<\/div>\n\t\t","protected":false},"featured_media":0,"template":"elementor_header_footer","class_list":["post-1666","palmares","type-palmares","status-publish","hentry"],"yoast_head":"<!-- This site is optimized with the Yoast SEO plugin v21.9.1 - https:\/\/yoast.com\/wordpress\/plugins\/seo\/ -->\n<title>Palmar\u00e8s 2012 - Acad\u00e9mie du Jazz<\/title>\n<meta name=\"robots\" content=\"index, follow, max-snippet:-1, max-image-preview:large, max-video-preview:-1\" \/>\n<link rel=\"canonical\" href=\"https:\/\/www.academiedujazz.com\/index.php\/palmares\/palmares-2012\/\" \/>\n<meta property=\"og:locale\" content=\"fr_FR\" \/>\n<meta property=\"og:type\" content=\"article\" \/>\n<meta property=\"og:title\" content=\"Palmar\u00e8s 2012 - Acad\u00e9mie du Jazz\" \/>\n<meta property=\"og:description\" content=\"Prix Django Reinhardt\u00a0(musicien fran\u00e7ais de l\u2019ann\u00e9e)\u00a0:\u00a0\u00c9mile PARISIEN, saxophoniste.&#8211; Finalistes\u00a0:\u00a0Baptiste Herbin, St\u00e9phane Kerecki. Grand Prix de l\u2019Acad\u00e9mie du Jazz\u00a0(meilleur disque de l\u2019ann\u00e9e)\u00a0:\u00a0Brad MEHLDAU, pour l\u2019album \u2019Where Do You Start\u00a0?\u2019 (Nonesuch\/Warner).&#8211; Finalistes\u00a0:\u00a0Fly, pour \u2019Year of the Snake\u2019 (ECM\/Universal), et\u00a0Aaron Goldberg \/ Ali Jackson \/ Omer Avital, pour \u2019Yes\u00a0!\u2019 (Sunnyside\/Na\u00efve). Prix du Disque Fran\u00e7ais\u00a0(meilleur disque enregistr\u00e9 par un [&hellip;]\" \/>\n<meta property=\"og:url\" content=\"https:\/\/www.academiedujazz.com\/index.php\/palmares\/palmares-2012\/\" \/>\n<meta property=\"og:site_name\" content=\"Acad\u00e9mie du Jazz\" \/>\n<meta property=\"article:modified_time\" content=\"2024-01-19T20:49:18+00:00\" \/>\n<meta name=\"twitter:card\" content=\"summary_large_image\" \/>\n<meta name=\"twitter:label1\" content=\"Dur\u00e9e de lecture estim\u00e9e\" \/>\n\t<meta name=\"twitter:data1\" content=\"2 minutes\" \/>\n<script type=\"application\/ld+json\" class=\"yoast-schema-graph\">{\"@context\":\"https:\/\/schema.org\",\"@graph\":[{\"@type\":\"WebPage\",\"@id\":\"https:\/\/www.academiedujazz.com\/index.php\/palmares\/palmares-2012\/\",\"url\":\"https:\/\/www.academiedujazz.com\/index.php\/palmares\/palmares-2012\/\",\"name\":\"Palmar\u00e8s 2012 - Acad\u00e9mie du Jazz\",\"isPartOf\":{\"@id\":\"https:\/\/www.academiedujazz.com\/#website\"},\"datePublished\":\"2024-01-19T20:48:40+00:00\",\"dateModified\":\"2024-01-19T20:49:18+00:00\",\"breadcrumb\":{\"@id\":\"https:\/\/www.academiedujazz.com\/index.php\/palmares\/palmares-2012\/#breadcrumb\"},\"inLanguage\":\"fr-FR\",\"potentialAction\":[{\"@type\":\"ReadAction\",\"target\":[\"https:\/\/www.academiedujazz.com\/index.php\/palmares\/palmares-2012\/\"]}]},{\"@type\":\"BreadcrumbList\",\"@id\":\"https:\/\/www.academiedujazz.com\/index.php\/palmares\/palmares-2012\/#breadcrumb\",\"itemListElement\":[{\"@type\":\"ListItem\",\"position\":1,\"name\":\"Accueil\",\"item\":\"https:\/\/www.academiedujazz.com\/\"},{\"@type\":\"ListItem\",\"position\":2,\"name\":\"Palmar\u00e8s 2012\"}]},{\"@type\":\"WebSite\",\"@id\":\"https:\/\/www.academiedujazz.com\/#website\",\"url\":\"https:\/\/www.academiedujazz.com\/\",\"name\":\"Acad\u00e9mie du Jazz\",\"description\":\"\",\"publisher\":{\"@id\":\"https:\/\/www.academiedujazz.com\/#organization\"},\"potentialAction\":[{\"@type\":\"SearchAction\",\"target\":{\"@type\":\"EntryPoint\",\"urlTemplate\":\"https:\/\/www.academiedujazz.com\/?s={search_term_string}\"},\"query-input\":\"required name=search_term_string\"}],\"inLanguage\":\"fr-FR\"},{\"@type\":\"Organization\",\"@id\":\"https:\/\/www.academiedujazz.com\/#organization\",\"name\":\"Acad\u00e9mie du Jazz\",\"url\":\"https:\/\/www.academiedujazz.com\/\",\"logo\":{\"@type\":\"ImageObject\",\"inLanguage\":\"fr-FR\",\"@id\":\"https:\/\/www.academiedujazz.com\/#\/schema\/logo\/image\/\",\"url\":\"https:\/\/www.academiedujazz.com\/wp-content\/uploads\/2023\/11\/Logo-web_Academie-Du-Jazz_Fond-sombre.png\",\"contentUrl\":\"https:\/\/www.academiedujazz.com\/wp-content\/uploads\/2023\/11\/Logo-web_Academie-Du-Jazz_Fond-sombre.png\",\"width\":949,\"height\":800,\"caption\":\"Acad\u00e9mie du Jazz\"},\"image\":{\"@id\":\"https:\/\/www.academiedujazz.com\/#\/schema\/logo\/image\/\"}}]}<\/script>\n<!-- \/ Yoast SEO plugin. -->","yoast_head_json":{"title":"Palmar\u00e8s 2012 - Acad\u00e9mie du Jazz","robots":{"index":"index","follow":"follow","max-snippet":"max-snippet:-1","max-image-preview":"max-image-preview:large","max-video-preview":"max-video-preview:-1"},"canonical":"https:\/\/www.academiedujazz.com\/index.php\/palmares\/palmares-2012\/","og_locale":"fr_FR","og_type":"article","og_title":"Palmar\u00e8s 2012 - Acad\u00e9mie du Jazz","og_description":"Prix Django Reinhardt\u00a0(musicien fran\u00e7ais de l\u2019ann\u00e9e)\u00a0:\u00a0\u00c9mile PARISIEN, saxophoniste.&#8211; Finalistes\u00a0:\u00a0Baptiste Herbin, St\u00e9phane Kerecki. Grand Prix de l\u2019Acad\u00e9mie du Jazz\u00a0(meilleur disque de l\u2019ann\u00e9e)\u00a0:\u00a0Brad MEHLDAU, pour l\u2019album \u2019Where Do You Start\u00a0?\u2019 (Nonesuch\/Warner).&#8211; Finalistes\u00a0:\u00a0Fly, pour \u2019Year of the Snake\u2019 (ECM\/Universal), et\u00a0Aaron Goldberg \/ Ali Jackson \/ Omer Avital, pour \u2019Yes\u00a0!\u2019 (Sunnyside\/Na\u00efve). Prix du Disque Fran\u00e7ais\u00a0(meilleur disque enregistr\u00e9 par un [&hellip;]","og_url":"https:\/\/www.academiedujazz.com\/index.php\/palmares\/palmares-2012\/","og_site_name":"Acad\u00e9mie du Jazz","article_modified_time":"2024-01-19T20:49:18+00:00","twitter_card":"summary_large_image","twitter_misc":{"Dur\u00e9e de lecture estim\u00e9e":"2 minutes"},"schema":{"@context":"https:\/\/schema.org","@graph":[{"@type":"WebPage","@id":"https:\/\/www.academiedujazz.com\/index.php\/palmares\/palmares-2012\/","url":"https:\/\/www.academiedujazz.com\/index.php\/palmares\/palmares-2012\/","name":"Palmar\u00e8s 2012 - Acad\u00e9mie du Jazz","isPartOf":{"@id":"https:\/\/www.academiedujazz.com\/#website"},"datePublished":"2024-01-19T20:48:40+00:00","dateModified":"2024-01-19T20:49:18+00:00","breadcrumb":{"@id":"https:\/\/www.academiedujazz.com\/index.php\/palmares\/palmares-2012\/#breadcrumb"},"inLanguage":"fr-FR","potentialAction":[{"@type":"ReadAction","target":["https:\/\/www.academiedujazz.com\/index.php\/palmares\/palmares-2012\/"]}]},{"@type":"BreadcrumbList","@id":"https:\/\/www.academiedujazz.com\/index.php\/palmares\/palmares-2012\/#breadcrumb","itemListElement":[{"@type":"ListItem","position":1,"name":"Accueil","item":"https:\/\/www.academiedujazz.com\/"},{"@type":"ListItem","position":2,"name":"Palmar\u00e8s 2012"}]},{"@type":"WebSite","@id":"https:\/\/www.academiedujazz.com\/#website","url":"https:\/\/www.academiedujazz.com\/","name":"Acad\u00e9mie du Jazz","description":"","publisher":{"@id":"https:\/\/www.academiedujazz.com\/#organization"},"potentialAction":[{"@type":"SearchAction","target":{"@type":"EntryPoint","urlTemplate":"https:\/\/www.academiedujazz.com\/?s={search_term_string}"},"query-input":"required name=search_term_string"}],"inLanguage":"fr-FR"},{"@type":"Organization","@id":"https:\/\/www.academiedujazz.com\/#organization","name":"Acad\u00e9mie du Jazz","url":"https:\/\/www.academiedujazz.com\/","logo":{"@type":"ImageObject","inLanguage":"fr-FR","@id":"https:\/\/www.academiedujazz.com\/#\/schema\/logo\/image\/","url":"https:\/\/www.academiedujazz.com\/wp-content\/uploads\/2023\/11\/Logo-web_Academie-Du-Jazz_Fond-sombre.png","contentUrl":"https:\/\/www.academiedujazz.com\/wp-content\/uploads\/2023\/11\/Logo-web_Academie-Du-Jazz_Fond-sombre.png","width":949,"height":800,"caption":"Acad\u00e9mie du Jazz"},"image":{"@id":"https:\/\/www.academiedujazz.com\/#\/schema\/logo\/image\/"}}]}},"_links":{"self":[{"href":"https:\/\/www.academiedujazz.com\/index.php\/wp-json\/wp\/v2\/palmares\/1666","targetHints":{"allow":["GET"]}}],"collection":[{"href":"https:\/\/www.academiedujazz.com\/index.php\/wp-json\/wp\/v2\/palmares"}],"about":[{"href":"https:\/\/www.academiedujazz.com\/index.php\/wp-json\/wp\/v2\/types\/palmares"}],"version-history":[{"count":4,"href":"https:\/\/www.academiedujazz.com\/index.php\/wp-json\/wp\/v2\/palmares\/1666\/revisions"}],"predecessor-version":[{"id":1674,"href":"https:\/\/www.academiedujazz.com\/index.php\/wp-json\/wp\/v2\/palmares\/1666\/revisions\/1674"}],"wp:attachment":[{"href":"https:\/\/www.academiedujazz.com\/index.php\/wp-json\/wp\/v2\/media?parent=1666"}],"curies":[{"name":"wp","href":"https:\/\/api.w.org\/{rel}","templated":true}]}}