{"id":1561,"date":"2024-01-19T21:01:50","date_gmt":"2024-01-19T20:01:50","guid":{"rendered":"https:\/\/www.academiedujazz.com\/?post_type=palmares&#038;p=1561"},"modified":"2024-01-19T21:07:16","modified_gmt":"2024-01-19T20:07:16","slug":"palmares-2019","status":"publish","type":"palmares","link":"https:\/\/www.academiedujazz.com\/index.php\/palmares\/palmares-2019\/","title":{"rendered":"Palmar\u00e8s 2019"},"content":{"rendered":"\t\t<div data-elementor-type=\"wp-post\" data-elementor-id=\"1561\" class=\"elementor elementor-1561\" data-elementor-post-type=\"palmares\">\n\t\t\t\t\t\t\t<div class=\"elementor-element elementor-element-b66b883 e-flex e-con-boxed e-con e-parent\" data-id=\"b66b883\" data-element_type=\"container\" data-settings=\"{&quot;background_background&quot;:&quot;classic&quot;,&quot;container_type&quot;:&quot;flex&quot;,&quot;content_width&quot;:&quot;boxed&quot;}\" data-core-v316-plus=\"true\">\n\t\t\t\t\t<div class=\"e-con-inner\">\n\t\t\t\t<div class=\"elementor-element elementor-element-ebcebc4 elementor-widget__width-initial b-primary elementor-widget elementor-widget-text-editor\" data-id=\"ebcebc4\" data-element_type=\"widget\" data-widget_type=\"text-editor.default\">\n\t\t\t\t<div class=\"elementor-widget-container\">\n\t\t\t<style>\/*! elementor - v3.18.0 - 20-12-2023 *\/\n.elementor-widget-text-editor.elementor-drop-cap-view-stacked .elementor-drop-cap{background-color:#69727d;color:#fff}.elementor-widget-text-editor.elementor-drop-cap-view-framed .elementor-drop-cap{color:#69727d;border:3px solid;background-color:transparent}.elementor-widget-text-editor:not(.elementor-drop-cap-view-default) .elementor-drop-cap{margin-top:8px}.elementor-widget-text-editor:not(.elementor-drop-cap-view-default) .elementor-drop-cap-letter{width:1em;height:1em}.elementor-widget-text-editor .elementor-drop-cap{float:left;text-align:center;line-height:1;font-size:50px}.elementor-widget-text-editor .elementor-drop-cap-letter{display:inline-block}<\/style>\t\t\t\t<p><strong>Au cours de la soir\u00e9e organis\u00e9e le 2 d\u00e9cembre 2019 au Goethe Institute de Paris, sous la pr\u00e9sidence de Fran\u00e7ois Lacharme, et en pr\u00e9sence de Claude Carri\u00e8re, Pr\u00e9sident d\u2019Honneur, L\u2019Acad\u00e9mie Du Jazz a d\u00e9cern\u00e9 ses prix pour l\u2019ann\u00e9e \u00e9coul\u00e9e.<\/strong><br class=\"autobr\" \/><strong>Leur remise a eu lieu lors de la soir\u00e9e de gala organis\u00e9e le lundi 27 janvier 2020 au \u2019Pan Piper\u2019, 2-4 Impasse Lamier, \u00e0 Paris (11\u00e8me), anim\u00e9e par le Pr\u00e9sident Fran\u00e7ois Lacharme en pr\u00e9sence de personnalit\u00e9s de la musique, du cin\u00e9ma et des spectacles.<\/strong><\/p><p><strong>Prix Django Reinhardt<\/strong>\u00a0(musicien fran\u00e7ais de l\u2019ann\u00e9e), avec le soutien de la Fondation BNP Paribas\u00a0:<br class=\"autobr\" \/><strong>HUGO LIPPI<\/strong>, guitariste.<\/p><p><img fetchpriority=\"high\" decoding=\"async\" class=\"alignnone wp-image-1564 size-full\" src=\"https:\/\/www.academiedujazz.com\/wp-content\/uploads\/2024\/01\/1_-_prix_django_reinhardt-6e5d8.jpeg\" alt=\"\" width=\"500\" height=\"375\" srcset=\"https:\/\/www.academiedujazz.com\/wp-content\/uploads\/2024\/01\/1_-_prix_django_reinhardt-6e5d8.jpeg 500w, https:\/\/www.academiedujazz.com\/wp-content\/uploads\/2024\/01\/1_-_prix_django_reinhardt-6e5d8-300x225.jpeg 300w\" sizes=\"(max-width: 500px) 100vw, 500px\" \/><\/p><p>Finalistes\u00a0:\u00a0<strong>Th\u00e9o Ceccaldi<\/strong>\u00a0(violon),\u00a0<strong>Le\u00efla Olivesi<\/strong>\u00a0(piano).<\/p><hr class=\"spip\" \/><p><strong>Grand Prix de l\u2019Acad\u00e9mie du Jazz<\/strong>\u00a0(meilleur disque de l\u2019ann\u00e9e)\u00a0:<br class=\"autobr\" \/><strong>YES\u00a0! TRIO<\/strong>, pour l\u2019album \u00ab\u00a0<strong>Groove du Jour<\/strong>\u00a0\u00bb (Jazz&amp;People \/ Pias).<\/p><p><img decoding=\"async\" class=\"alignnone size-full wp-image-1565\" src=\"https:\/\/www.academiedujazz.com\/wp-content\/uploads\/2024\/01\/2_-_grand_prix_de_l_acade_mie_du_jazz_-b808d.jpeg\" alt=\"\" width=\"500\" height=\"375\" srcset=\"https:\/\/www.academiedujazz.com\/wp-content\/uploads\/2024\/01\/2_-_grand_prix_de_l_acade_mie_du_jazz_-b808d.jpeg 500w, https:\/\/www.academiedujazz.com\/wp-content\/uploads\/2024\/01\/2_-_grand_prix_de_l_acade_mie_du_jazz_-b808d-300x225.jpeg 300w\" sizes=\"(max-width: 500px) 100vw, 500px\" \/><\/p><p>Finalistes\u00a0:\u00a0<strong>Avishai Cohen &amp; Yonathan Avishai<\/strong>\u00a0pour \u00ab\u00a0Playing the Room\u00a0\u00bb (ECM \/ Universal), et\u00a0<strong>Theo Croker<\/strong>\u00a0pour \u00ab\u00a0Star People Nation\u00a0\u00bb (Okeh \/ Sony Music).<\/p><hr class=\"spip\" \/><p><strong>Prix du Disque Fran\u00e7ais<\/strong>\u00a0(meilleur disque enregistr\u00e9 par un musicien fran\u00e7ais)<br class=\"autobr\" \/><strong>LAURENT COULONDRE<\/strong>, pour l\u2019album \u00ab\u00a0<strong>Michel On My Mind<\/strong>\u00a0\u00bb (New World Production \/ L\u2019Autre distribution).<\/p><p><img decoding=\"async\" class=\"alignnone size-full wp-image-1566\" src=\"https:\/\/www.academiedujazz.com\/wp-content\/uploads\/2024\/01\/3_-_prix_du_disque_franc_ais_-_copie-475ef.jpeg\" alt=\"\" width=\"500\" height=\"375\" srcset=\"https:\/\/www.academiedujazz.com\/wp-content\/uploads\/2024\/01\/3_-_prix_du_disque_franc_ais_-_copie-475ef.jpeg 500w, https:\/\/www.academiedujazz.com\/wp-content\/uploads\/2024\/01\/3_-_prix_du_disque_franc_ais_-_copie-475ef-300x225.jpeg 300w\" sizes=\"(max-width: 500px) 100vw, 500px\" \/><\/p><p>Finalistes\u00a0:\u00a0<strong>Le\u00efla Olivesi<\/strong>\u00a0pour \u00ab\u00a0Suite Andamane\u00a0\u00bb (Attention Fragile \/ L\u2019Autre distribution), et\u00a0<strong>Louis Sclavis<\/strong>\u00a0pour \u00ab\u00a0Characters On A Wall\u00a0\u00bb (ECM \/ Universal).<\/p><hr class=\"spip\" \/><p><strong>Prix du Musicien Europ\u00e9en<\/strong>\u00a0(r\u00e9compens\u00e9 pour son \u0153uvre ou son actualit\u00e9 r\u00e9cente)\u00a0:<br class=\"autobr\" \/><strong>DANIEL ERDMANN<\/strong>, saxophoniste.<\/p><p><img loading=\"lazy\" decoding=\"async\" class=\"alignnone size-full wp-image-1567\" src=\"https:\/\/www.academiedujazz.com\/wp-content\/uploads\/2024\/01\/4_-_prix_du_musicien_europe_en_-_copie-25e98.jpeg\" alt=\"\" width=\"500\" height=\"375\" srcset=\"https:\/\/www.academiedujazz.com\/wp-content\/uploads\/2024\/01\/4_-_prix_du_musicien_europe_en_-_copie-25e98.jpeg 500w, https:\/\/www.academiedujazz.com\/wp-content\/uploads\/2024\/01\/4_-_prix_du_musicien_europe_en_-_copie-25e98-300x225.jpeg 300w\" sizes=\"(max-width: 500px) 100vw, 500px\" \/><\/p><p>Finalistes\u00a0:\u00a0<strong>Matthieu Michel<\/strong>\u00a0et\u00a0<strong>Hanna Paulsberg<\/strong>.<\/p><hr class=\"spip\" \/><p><strong>Prix de la Meilleure R\u00e9\u00e9dition ou du Meilleur In\u00e9dit<\/strong>\u00a0:<br class=\"autobr\" \/><strong>BARNEY WILEN QUARTET<\/strong>\u00a0pour l\u2019album \u00ab\u00a0<strong>Live In Tokyo \u201991<\/strong>\u00a0\u00bb (Elemental Music \/ Distrijazz).<\/p><p><img loading=\"lazy\" decoding=\"async\" class=\"alignnone size-full wp-image-1568\" src=\"https:\/\/www.academiedujazz.com\/wp-content\/uploads\/2024\/01\/5_-_prix_de_la_meilleure_re_e_dition_ou_du_meilleur_ine_dit_-_copie-e9462.jpeg\" alt=\"\" width=\"500\" height=\"375\" srcset=\"https:\/\/www.academiedujazz.com\/wp-content\/uploads\/2024\/01\/5_-_prix_de_la_meilleure_re_e_dition_ou_du_meilleur_ine_dit_-_copie-e9462.jpeg 500w, https:\/\/www.academiedujazz.com\/wp-content\/uploads\/2024\/01\/5_-_prix_de_la_meilleure_re_e_dition_ou_du_meilleur_ine_dit_-_copie-e9462-300x225.jpeg 300w\" sizes=\"(max-width: 500px) 100vw, 500px\" \/><\/p><p>Finalistes\u00a0:\u00a0<strong>Paul Bley, Gary Peacock, Paul Motian<\/strong>\u00a0pour \u00ab\u00a0When Will The Blues Leave\u00a0\u00bb (ECM \/ Universal) et\u00a0<strong>Stan Getz Quartet<\/strong>\u00a0\u00ab\u00a0Getz at The Gate\u00a0\u00bb (Verve \/ Universal).<\/p><hr class=\"spip\" \/><p><strong>Prix du Jazz Classique<\/strong>\u00a0:<br class=\"autobr\" \/><strong>ALBERT AMMONS \u00ab\u00a0Complete Work, Albert Ammons (1907-1949) Boogie Woogie King<\/strong>\u00a0\u00bb ( Cafe Society \/ eurenie@gmail.com).<\/p><p><img loading=\"lazy\" decoding=\"async\" class=\"alignnone size-full wp-image-1569\" src=\"https:\/\/www.academiedujazz.com\/wp-content\/uploads\/2024\/01\/6_-_prix_du_jazz_classique_-_copie-5b804.jpeg\" alt=\"\" width=\"500\" height=\"375\" srcset=\"https:\/\/www.academiedujazz.com\/wp-content\/uploads\/2024\/01\/6_-_prix_du_jazz_classique_-_copie-5b804.jpeg 500w, https:\/\/www.academiedujazz.com\/wp-content\/uploads\/2024\/01\/6_-_prix_du_jazz_classique_-_copie-5b804-300x225.jpeg 300w\" sizes=\"(max-width: 500px) 100vw, 500px\" \/><\/p><p>Finalistes\u00a0:\u00a0<strong>Three Blind Mice<\/strong>\u00a0pour \u00ab\u00a0See How They Run\u00a0\u00bb (autoproduction \/\u00a0<a class=\"spip_url spip_out auto\" href=\"http:\/\/www.threeblindmice.fr\/\" rel=\"nofollow external\">www.threeblindmice.fr<\/a>),\u00a0<strong>Evan Christopher \/ Fapy Lafertin<\/strong>\u00a0pour \u00ab\u00a0A Summit in Paris\u00a0\u00bb (Camille productions \/ Socadisc) et\u00a0<strong>Guillaume Nouaux &amp; The Clarinet Kings<\/strong>\u00a0(autoproduction \/\u00a0<a class=\"spip_url spip_out auto\" href=\"http:\/\/www.guillaumenouaux.com\/\" rel=\"nofollow external\">www.guillaumenouaux.com<\/a>).<\/p><hr class=\"spip\" \/><p><strong>Prix du Jazz Vocal<\/strong>\u00a0:<br class=\"autobr\" \/><strong>LE\u00cfLA MARTIAL<\/strong>\u00a0pour l\u2019album \u00ab\u00a0<strong>Warm Canto<\/strong>\u00a0\u00bb (Laborie Jazz \/ Socadisc).<\/p><p><img loading=\"lazy\" decoding=\"async\" class=\"alignnone size-full wp-image-1570\" src=\"https:\/\/www.academiedujazz.com\/wp-content\/uploads\/2024\/01\/7_-_prix_du_jazz_vocal_-_copie-2bdee.jpeg\" alt=\"\" width=\"500\" height=\"375\" srcset=\"https:\/\/www.academiedujazz.com\/wp-content\/uploads\/2024\/01\/7_-_prix_du_jazz_vocal_-_copie-2bdee.jpeg 500w, https:\/\/www.academiedujazz.com\/wp-content\/uploads\/2024\/01\/7_-_prix_du_jazz_vocal_-_copie-2bdee-300x225.jpeg 300w\" sizes=\"(max-width: 500px) 100vw, 500px\" \/><\/p><p>Finalistes\u00a0:\u00a0<strong>Jazzmeia Horn<\/strong>\u00a0pour \u00ab\u00a0Love &amp; Liberation\u00a0\u00bb (Concord Jazz \/ Bertus) et\u00a0<strong>Veronica Swift<\/strong>\u00a0pour \u00ab\u00a0Confessions\u00a0\u00bb (Mack Avenue \/ Pias).<\/p><hr class=\"spip\" \/><p><strong>Prix Soul<\/strong>\u00a0\u00f7<br class=\"autobr\" \/><strong>MAVIS STAPLES<\/strong>\u00a0pour l\u2019album \u00ab\u00a0<strong>Live in London<\/strong>\u00a0\u00bb (Anti- \/ Pias).<\/p><p><img loading=\"lazy\" decoding=\"async\" class=\"alignnone size-full wp-image-1571\" src=\"https:\/\/www.academiedujazz.com\/wp-content\/uploads\/2024\/01\/8_-_prix_soul_-_copie-e9b35.jpeg\" alt=\"\" width=\"500\" height=\"375\" srcset=\"https:\/\/www.academiedujazz.com\/wp-content\/uploads\/2024\/01\/8_-_prix_soul_-_copie-e9b35.jpeg 500w, https:\/\/www.academiedujazz.com\/wp-content\/uploads\/2024\/01\/8_-_prix_soul_-_copie-e9b35-300x225.jpeg 300w\" sizes=\"(max-width: 500px) 100vw, 500px\" \/><\/p><p>Finalistes\u00a0:\u00a0<strong>Kelly Finnigan<\/strong>\u00a0pour \u00ab\u00a0The Tales People Tell\u00a0\u00bb (Colemine \/\u00a0<a class=\"spip_url spip_out auto\" href=\"http:\/\/www.coleminerecords.com\/\" rel=\"nofollow external\">www.coleminerecords.com<\/a>), et\u00a0<strong>Michelle David &amp; The Gospel Sessions<\/strong>\u00a0pour \u00ab\u00a0The Gospel Sessions, vol.3\u00a0\u00bb (Excelsior \/ V2).<\/p><hr class=\"spip\" \/><p><strong>Prix Blues<\/strong>\u00a0:<br class=\"autobr\" \/><strong>JONTAVIOUS WILLIS<\/strong>\u00a0pour l\u2019album \u00ab\u00a0<strong>Spectacular Class<\/strong>\u00a0\u00bb (Kind of Blue Music \/\u00a0<a class=\"spip_url spip_out auto\" href=\"http:\/\/www.jontaviouswillis.com\/\" rel=\"nofollow external\">www.jontaviouswillis.com<\/a>).<\/p><p><img loading=\"lazy\" decoding=\"async\" class=\"alignnone size-full wp-image-1572\" src=\"https:\/\/www.academiedujazz.com\/wp-content\/uploads\/2024\/01\/9_-_prix_blues_-_copie-ab7e9.jpeg\" alt=\"\" width=\"500\" height=\"375\" srcset=\"https:\/\/www.academiedujazz.com\/wp-content\/uploads\/2024\/01\/9_-_prix_blues_-_copie-ab7e9.jpeg 500w, https:\/\/www.academiedujazz.com\/wp-content\/uploads\/2024\/01\/9_-_prix_blues_-_copie-ab7e9-300x225.jpeg 300w\" sizes=\"(max-width: 500px) 100vw, 500px\" \/><\/p><p>Finalistes\u00a0:\u00a0<strong>Atomic Road Kings<\/strong>\u00a0pour \u00ab\u00a0Clean Up The Blood\u00a0\u00bb (Big Tone \/\u00a0<a class=\"spip_url spip_out auto\" href=\"http:\/\/www.bigtonerecords.com\/\" rel=\"nofollow external\">www.bigtonerecords.com<\/a>), et\u00a0<strong>Robert Randolph &amp; The Family Band<\/strong>\u00a0pour \u00ab\u00a0Brighter Days\u00a0\u00bb (Provogue \/ Wagram).<\/p><hr class=\"spip\" \/><p><strong>Prix du Livre de Jazz\u00a0; EX-AEQUO<\/strong>\u00a0:<br class=\"autobr\" \/><strong>NICOLE BERTOLT &amp; ALEXIA GUGG\u00c9MOS<\/strong>\u00a0pour \u00ab\u00a0<strong>Boris Vian 100 ans<\/strong>\u00a0\u00bb (\u00c9ditions Heredium) et\u00a0<strong>CHRISTELLE GONZALO &amp; FRAN\u00c7OIS ROULMANN<\/strong>, pour \u00ab\u00a0<strong>Anatomie du Bison \u2013 Chrono-bio-bibliographie de Boris Vian<\/strong>\u00a0\u00bb (\u00c9ditions des Cendres).<\/p><p><img loading=\"lazy\" decoding=\"async\" class=\"alignnone size-full wp-image-1573\" src=\"https:\/\/www.academiedujazz.com\/wp-content\/uploads\/2024\/01\/10_-_prix_du_meilleur_livre_de_jazz_-_copie-b0798.jpeg\" alt=\"\" width=\"500\" height=\"375\" srcset=\"https:\/\/www.academiedujazz.com\/wp-content\/uploads\/2024\/01\/10_-_prix_du_meilleur_livre_de_jazz_-_copie-b0798.jpeg 500w, https:\/\/www.academiedujazz.com\/wp-content\/uploads\/2024\/01\/10_-_prix_du_meilleur_livre_de_jazz_-_copie-b0798-300x225.jpeg 300w\" sizes=\"(max-width: 500px) 100vw, 500px\" \/><\/p><p>Finalistes\u00a0:\u00a0<strong>Nicolas Fily<\/strong>\u00a0pour \u00ab\u00a0John Coltrane \u2013 The Wise One\u00a0\u00bb (Le Mot et le Reste) et\u00a0<strong>Jean-Pierre Jackson<\/strong>\u00a0pour \u00ab\u00a0Keith Jarrett\u00a0\u00bb (Actes Sud).<\/p>\t\t\t\t\t\t<\/div>\n\t\t\t\t<\/div>\n\t\t\t\t\t<\/div>\n\t\t\t\t<\/div>\n\t\t\t\t\t\t\t<\/div>\n\t\t","protected":false},"featured_media":0,"template":"elementor_header_footer","class_list":["post-1561","palmares","type-palmares","status-publish","hentry"],"yoast_head":"<!-- This site is optimized with the Yoast SEO plugin v21.9.1 - https:\/\/yoast.com\/wordpress\/plugins\/seo\/ -->\n<title>Palmar\u00e8s 2019 - Acad\u00e9mie du Jazz<\/title>\n<meta name=\"robots\" content=\"index, follow, max-snippet:-1, max-image-preview:large, max-video-preview:-1\" \/>\n<link rel=\"canonical\" href=\"https:\/\/www.academiedujazz.com\/index.php\/palmares\/palmares-2019\/\" \/>\n<meta property=\"og:locale\" content=\"fr_FR\" \/>\n<meta property=\"og:type\" content=\"article\" \/>\n<meta property=\"og:title\" content=\"Palmar\u00e8s 2019 - Acad\u00e9mie du Jazz\" \/>\n<meta property=\"og:description\" content=\"Au cours de la soir\u00e9e organis\u00e9e le 2 d\u00e9cembre 2019 au Goethe Institute de Paris, sous la pr\u00e9sidence de Fran\u00e7ois Lacharme, et en pr\u00e9sence de Claude Carri\u00e8re, Pr\u00e9sident d\u2019Honneur, L\u2019Acad\u00e9mie Du Jazz a d\u00e9cern\u00e9 ses prix pour l\u2019ann\u00e9e \u00e9coul\u00e9e.Leur remise a eu lieu lors de la soir\u00e9e de gala organis\u00e9e le lundi 27 janvier 2020 [&hellip;]\" \/>\n<meta property=\"og:url\" content=\"https:\/\/www.academiedujazz.com\/index.php\/palmares\/palmares-2019\/\" \/>\n<meta property=\"og:site_name\" content=\"Acad\u00e9mie du Jazz\" \/>\n<meta property=\"article:modified_time\" content=\"2024-01-19T20:07:16+00:00\" \/>\n<meta property=\"og:image\" content=\"https:\/\/www.academiedujazz.com\/wp-content\/uploads\/2024\/01\/1_-_prix_django_reinhardt-6e5d8.jpeg\" \/>\n<meta name=\"twitter:card\" content=\"summary_large_image\" \/>\n<meta name=\"twitter:label1\" content=\"Dur\u00e9e de lecture estim\u00e9e\" \/>\n\t<meta name=\"twitter:data1\" content=\"5 minutes\" \/>\n<script type=\"application\/ld+json\" class=\"yoast-schema-graph\">{\"@context\":\"https:\/\/schema.org\",\"@graph\":[{\"@type\":\"WebPage\",\"@id\":\"https:\/\/www.academiedujazz.com\/index.php\/palmares\/palmares-2019\/\",\"url\":\"https:\/\/www.academiedujazz.com\/index.php\/palmares\/palmares-2019\/\",\"name\":\"Palmar\u00e8s 2019 - Acad\u00e9mie du Jazz\",\"isPartOf\":{\"@id\":\"https:\/\/www.academiedujazz.com\/#website\"},\"datePublished\":\"2024-01-19T20:01:50+00:00\",\"dateModified\":\"2024-01-19T20:07:16+00:00\",\"breadcrumb\":{\"@id\":\"https:\/\/www.academiedujazz.com\/index.php\/palmares\/palmares-2019\/#breadcrumb\"},\"inLanguage\":\"fr-FR\",\"potentialAction\":[{\"@type\":\"ReadAction\",\"target\":[\"https:\/\/www.academiedujazz.com\/index.php\/palmares\/palmares-2019\/\"]}]},{\"@type\":\"BreadcrumbList\",\"@id\":\"https:\/\/www.academiedujazz.com\/index.php\/palmares\/palmares-2019\/#breadcrumb\",\"itemListElement\":[{\"@type\":\"ListItem\",\"position\":1,\"name\":\"Accueil\",\"item\":\"https:\/\/www.academiedujazz.com\/\"},{\"@type\":\"ListItem\",\"position\":2,\"name\":\"Palmar\u00e8s 2019\"}]},{\"@type\":\"WebSite\",\"@id\":\"https:\/\/www.academiedujazz.com\/#website\",\"url\":\"https:\/\/www.academiedujazz.com\/\",\"name\":\"Acad\u00e9mie du Jazz\",\"description\":\"\",\"publisher\":{\"@id\":\"https:\/\/www.academiedujazz.com\/#organization\"},\"potentialAction\":[{\"@type\":\"SearchAction\",\"target\":{\"@type\":\"EntryPoint\",\"urlTemplate\":\"https:\/\/www.academiedujazz.com\/?s={search_term_string}\"},\"query-input\":\"required name=search_term_string\"}],\"inLanguage\":\"fr-FR\"},{\"@type\":\"Organization\",\"@id\":\"https:\/\/www.academiedujazz.com\/#organization\",\"name\":\"Acad\u00e9mie du Jazz\",\"url\":\"https:\/\/www.academiedujazz.com\/\",\"logo\":{\"@type\":\"ImageObject\",\"inLanguage\":\"fr-FR\",\"@id\":\"https:\/\/www.academiedujazz.com\/#\/schema\/logo\/image\/\",\"url\":\"https:\/\/www.academiedujazz.com\/wp-content\/uploads\/2023\/11\/Logo-web_Academie-Du-Jazz_Fond-sombre.png\",\"contentUrl\":\"https:\/\/www.academiedujazz.com\/wp-content\/uploads\/2023\/11\/Logo-web_Academie-Du-Jazz_Fond-sombre.png\",\"width\":949,\"height\":800,\"caption\":\"Acad\u00e9mie du Jazz\"},\"image\":{\"@id\":\"https:\/\/www.academiedujazz.com\/#\/schema\/logo\/image\/\"}}]}<\/script>\n<!-- \/ Yoast SEO plugin. -->","yoast_head_json":{"title":"Palmar\u00e8s 2019 - Acad\u00e9mie du Jazz","robots":{"index":"index","follow":"follow","max-snippet":"max-snippet:-1","max-image-preview":"max-image-preview:large","max-video-preview":"max-video-preview:-1"},"canonical":"https:\/\/www.academiedujazz.com\/index.php\/palmares\/palmares-2019\/","og_locale":"fr_FR","og_type":"article","og_title":"Palmar\u00e8s 2019 - Acad\u00e9mie du Jazz","og_description":"Au cours de la soir\u00e9e organis\u00e9e le 2 d\u00e9cembre 2019 au Goethe Institute de Paris, sous la pr\u00e9sidence de Fran\u00e7ois Lacharme, et en pr\u00e9sence de Claude Carri\u00e8re, Pr\u00e9sident d\u2019Honneur, L\u2019Acad\u00e9mie Du Jazz a d\u00e9cern\u00e9 ses prix pour l\u2019ann\u00e9e \u00e9coul\u00e9e.Leur remise a eu lieu lors de la soir\u00e9e de gala organis\u00e9e le lundi 27 janvier 2020 [&hellip;]","og_url":"https:\/\/www.academiedujazz.com\/index.php\/palmares\/palmares-2019\/","og_site_name":"Acad\u00e9mie du Jazz","article_modified_time":"2024-01-19T20:07:16+00:00","og_image":[{"url":"https:\/\/www.academiedujazz.com\/wp-content\/uploads\/2024\/01\/1_-_prix_django_reinhardt-6e5d8.jpeg"}],"twitter_card":"summary_large_image","twitter_misc":{"Dur\u00e9e de lecture estim\u00e9e":"5 minutes"},"schema":{"@context":"https:\/\/schema.org","@graph":[{"@type":"WebPage","@id":"https:\/\/www.academiedujazz.com\/index.php\/palmares\/palmares-2019\/","url":"https:\/\/www.academiedujazz.com\/index.php\/palmares\/palmares-2019\/","name":"Palmar\u00e8s 2019 - Acad\u00e9mie du Jazz","isPartOf":{"@id":"https:\/\/www.academiedujazz.com\/#website"},"datePublished":"2024-01-19T20:01:50+00:00","dateModified":"2024-01-19T20:07:16+00:00","breadcrumb":{"@id":"https:\/\/www.academiedujazz.com\/index.php\/palmares\/palmares-2019\/#breadcrumb"},"inLanguage":"fr-FR","potentialAction":[{"@type":"ReadAction","target":["https:\/\/www.academiedujazz.com\/index.php\/palmares\/palmares-2019\/"]}]},{"@type":"BreadcrumbList","@id":"https:\/\/www.academiedujazz.com\/index.php\/palmares\/palmares-2019\/#breadcrumb","itemListElement":[{"@type":"ListItem","position":1,"name":"Accueil","item":"https:\/\/www.academiedujazz.com\/"},{"@type":"ListItem","position":2,"name":"Palmar\u00e8s 2019"}]},{"@type":"WebSite","@id":"https:\/\/www.academiedujazz.com\/#website","url":"https:\/\/www.academiedujazz.com\/","name":"Acad\u00e9mie du Jazz","description":"","publisher":{"@id":"https:\/\/www.academiedujazz.com\/#organization"},"potentialAction":[{"@type":"SearchAction","target":{"@type":"EntryPoint","urlTemplate":"https:\/\/www.academiedujazz.com\/?s={search_term_string}"},"query-input":"required name=search_term_string"}],"inLanguage":"fr-FR"},{"@type":"Organization","@id":"https:\/\/www.academiedujazz.com\/#organization","name":"Acad\u00e9mie du Jazz","url":"https:\/\/www.academiedujazz.com\/","logo":{"@type":"ImageObject","inLanguage":"fr-FR","@id":"https:\/\/www.academiedujazz.com\/#\/schema\/logo\/image\/","url":"https:\/\/www.academiedujazz.com\/wp-content\/uploads\/2023\/11\/Logo-web_Academie-Du-Jazz_Fond-sombre.png","contentUrl":"https:\/\/www.academiedujazz.com\/wp-content\/uploads\/2023\/11\/Logo-web_Academie-Du-Jazz_Fond-sombre.png","width":949,"height":800,"caption":"Acad\u00e9mie du Jazz"},"image":{"@id":"https:\/\/www.academiedujazz.com\/#\/schema\/logo\/image\/"}}]}},"_links":{"self":[{"href":"https:\/\/www.academiedujazz.com\/index.php\/wp-json\/wp\/v2\/palmares\/1561","targetHints":{"allow":["GET"]}}],"collection":[{"href":"https:\/\/www.academiedujazz.com\/index.php\/wp-json\/wp\/v2\/palmares"}],"about":[{"href":"https:\/\/www.academiedujazz.com\/index.php\/wp-json\/wp\/v2\/types\/palmares"}],"version-history":[{"count":4,"href":"https:\/\/www.academiedujazz.com\/index.php\/wp-json\/wp\/v2\/palmares\/1561\/revisions"}],"predecessor-version":[{"id":1576,"href":"https:\/\/www.academiedujazz.com\/index.php\/wp-json\/wp\/v2\/palmares\/1561\/revisions\/1576"}],"wp:attachment":[{"href":"https:\/\/www.academiedujazz.com\/index.php\/wp-json\/wp\/v2\/media?parent=1561"}],"curies":[{"name":"wp","href":"https:\/\/api.w.org\/{rel}","templated":true}]}}